{"id":9266,"date":"2024-01-08T15:30:32","date_gmt":"2024-01-08T19:30:32","guid":{"rendered":"http:\/\/smartglass-film.com\/politica-de-privacidad\/"},"modified":"2024-11-23T07:36:30","modified_gmt":"2024-11-23T11:36:30","slug":"politica-de-privacidad","status":"publish","type":"page","link":"https:\/\/smartglass-film.com\/tr\/politica-de-privacidad\/","title":{"rendered":"Gizlilik Politikas\u0131"},"content":{"rendered":"<p>En son g\u00fcncelleme: 09 de enero de 2024<\/p>\n\n<p>\u8bf7\u6839\u636e\u81ea\u5df1\u7684\u9700\u8981\u4fee\u6539\u5185\u5bb9<\/p>\n\n<p>Bu Gizlilik Politikas\u0131, Hizmeti kullan\u0131rken bilgilerinizin al\u0131nmas\u0131, kullan\u0131lmas\u0131 ve if\u015fa edilmesine ili\u015fkin politikalar\u0131m\u0131z\u0131 ve prosed\u00fcrlerimizi a\u00e7\u0131klar ve gizlilik haklar\u0131n\u0131z ve yasalar\u0131 nas\u0131l korudu\u011funuz hakk\u0131nda bilgi verir.<\/p>\n\n<p>Hizmeti sunmak ve iyile\u015ftirmek i\u00e7in ki\u015fisel verilerinizi kullan\u0131r\u0131z. Hizmeti kullan\u0131rken, bu Gizlilik Politikas\u0131na uygun olarak bilgilerin yeniden derlenmesini ve kullan\u0131lmas\u0131n\u0131 kabul edersiniz.   <\/p>\n\n<h2 class=\"wp-block-heading\" id=\"interpretation-and-definitions\">Yorum ve tan\u0131mlar<\/h2>\n\n<h3 class=\"wp-block-heading\" id=\"interpretation\">Interpretaci\u00f3n<\/h3>\n\n<p>Las palabras cuya letra inicial va en may\u00fascula tienen significados definidos en las siguientes condiciones. A\u015fa\u011f\u0131daki tan\u0131mlar, tekil veya \u00e7o\u011ful olarak g\u00f6r\u00fcnd\u00fcklerinden ba\u011f\u0131ms\u0131z olarak ayn\u0131 anlama sahiptir. <\/p>\n\n<h3 class=\"wp-block-heading\" id=\"definitions\">Tan\u0131mlar<\/h3>\n\n<p>A efectos de la presente Pol\u00edtica de Privacidad:<\/p>\n\n<ul class=\"wp-block-list\">\n<li><strong>Cuenta<\/strong> Hizmetimize veya Hizmetimizin bir b\u00f6l\u00fcm\u00fcne eri\u015febilmeniz i\u00e7in olu\u015fturulmu\u015f \u00f6zel bir hesap anlam\u0131na gelir.<\/li>\n\n\n\n<li><strong>Afiliada<\/strong> \"kontrol\" 50%'nin m\u00fclkiyetine veya daha fazlas\u0131na, direkt\u00f6rlerin se\u00e7ilmesi veya di\u011fer y\u00f6netim yetkileri i\u00e7in oy hakk\u0131na sahip hesaplara, kat\u0131l\u0131mlara veya di\u011fer de\u011ferlere sahip olmak anlam\u0131na gelir.<\/li>\n\n\n\n<li><strong>Empresa<\/strong> (denominada \"la Empresa\", \"Nosotros\", \"Nos\" o \"Nuestro\" en el presente Acuerdo) se refiere a [My Company LLC], [Address of the business].<\/li>\n\n\n\n<li><strong>Las \u00e7erezleri<\/strong> bir web sitesinin bilgisayar\u0131n\u0131zda, mobil cihaz\u0131n\u0131zda veya ba\u015fka herhangi bir cihazda depolad\u0131\u011f\u0131 ve di\u011fer \u015feylerin yan\u0131 s\u0131ra bu web sitesindeki gezinme ge\u00e7mi\u015finizin verilerini i\u00e7eren k\u00fc\u00e7\u00fck ar\u015fivlerdir.<\/li>\n\n\n\n<li>El <strong>pa\u00eds<\/strong> se refiere a: \u00c7in<\/li>\n\n\n\n<li><strong>Dispositivo<\/strong> bir ordenador, bir tel\u00e9fono m\u00f3vil veya bir tableta digital gibi Servicio'ya eri\u015febilen herhangi bir ayg\u0131t anlam\u0131na gelir.<\/li>\n\n\n\n<li>Los <strong>Ki\u015fisel Veriler<\/strong> kimli\u011fi belirli veya belirlenebilir bir ki\u015fiye ili\u015fkin her t\u00fcrl\u00fc bilgi.<\/li>\n\n\n\n<li><strong>Servis<\/strong> se refiere al Sitio Web.<\/li>\n\n\n\n<li><strong>Hizmet Sa\u011flay\u0131c\u0131s\u0131<\/strong> Empresa ad\u0131na verileri i\u015fleyen herhangi bir fiziki veya hukuki ki\u015fiyi ifade eder. Empresa taraf\u0131ndan Hizmeti kolayla\u015ft\u0131rmak, Empresa ad\u0131na Hizmeti sunmak, Hizmetle ilgili hizmetleri ger\u00e7ekle\u015ftirmek veya Empresa'ya Hizmetin nas\u0131l kullan\u0131ld\u0131\u011f\u0131n\u0131 analiz etme konusunda yard\u0131mc\u0131 olmak i\u00e7in anla\u015f\u0131lan \u00fc\u00e7\u00fcnc\u00fc taraf \u015firketleri veya ki\u015fileri ifade eder. <\/li>\n\n\n\n<li><strong>\u00dc\u00e7\u00fcnc\u00fc taraflar\u0131n sosyal medya hizmetleri<\/strong> se refiere a cualquier siteio web or cualquier siteio web de redes sociales a trav\u00e9s del cual un Usuario puede initi initiar session or crear una cuenta para utilizar el Servicio.<\/li>\n\n\n\n<li>Los <strong>Kullan\u0131m Verileri<\/strong> otomatik olarak kaydedilen verileri ifade eder, bunlar Hizmetin kullan\u0131m\u0131 veya Hizmetin kendi altyap\u0131s\u0131 (\u00f6rne\u011fin, bir sayfan\u0131n ziyaret s\u00fcresi) taraf\u0131ndan olu\u015fturulmu\u015f olabilir.<\/li>\n\n\n\n<li><strong>La p\u00e1gina web<\/strong> hace referencia a [My Website], accesible desde https:\/\/www.mywebsite.com<\/li>\n\n\n\n<li><strong>T\u00fa<\/strong> Hizmete eri\u015fen veya Hizmeti kullanan ki\u015fi veya bu ki\u015finin ad\u0131na Hizmete eri\u015fti\u011fi veya Hizmeti kulland\u0131\u011f\u0131 \u015firket veya di\u011fer yasal kurulu\u015f anlam\u0131na gelir.<\/li>\n<\/ul>\n\n<h2 class=\"wp-block-heading\" id=\"collecting-and-using-your-personal-data\">Ki\u015fisel verilerinizin al\u0131nmas\u0131 ve kullan\u0131lmas\u0131<\/h2>\n\n<h3 class=\"wp-block-heading\" id=\"types-of-data-collected\">Toplanan veri t\u00fcrleri<\/h3>\n\n<h4 class=\"wp-block-heading\" id=\"personal-data\">Ki\u015fisel veriler<\/h4>\n\n<p>Hizmetimizi kullan\u0131rken, sizinle ileti\u015fime ge\u00e7mek veya sizi tan\u0131mlamak i\u00e7in kullanabilece\u011fimiz ki\u015fisel kimlik bilgilerinizi vermenizi isteyebiliriz. Ki\u015fisel kimlik bilgileri a\u015fa\u011f\u0131dakileri i\u00e7erebilir, ancak bunlarla s\u0131n\u0131rl\u0131 de\u011fildir: <\/p>\n\n<ul class=\"wp-block-list\">\n<li>Elektronik posta adresi<\/li>\n\n\n\n<li>\u0130sim ve soyisimler<\/li>\n\n\n\n<li>Telefon numaras\u0131<\/li>\n\n\n\n<li>Direcci\u00f3n, Estado, Provincia, C\u00f3digo postal, Ciudad<\/li>\n\n\n\n<li>Kullan\u0131m verileri<\/li>\n<\/ul>\n\n<h4 class=\"wp-block-heading\" id=\"usage-data\">Kullan\u0131m verileri<\/h4>\n\n<p>Kullan\u0131m Verileri, Hizmet kullan\u0131ld\u0131\u011f\u0131nda otomatik olarak kaydedilir.<\/p>\n\n<p>Kullan\u0131m Verileri, Cihaz\u0131n\u0131z\u0131n \u0130nternet Protokol\u00fc y\u00f6n\u00fc (\u00f6rne\u011fin, IP y\u00f6n\u00fc), taray\u0131c\u0131 t\u00fcr\u00fc, taray\u0131c\u0131 s\u00fcr\u00fcm\u00fc, ziyaret etti\u011finiz Hizmetimizin sayfalar\u0131, ziyaretinizin saati ve zaman\u0131, esas sayfalarda ge\u00e7irdi\u011finiz s\u00fcre, cihaz\u0131n\u0131z\u0131n \u00f6zel tan\u0131mlay\u0131c\u0131lar\u0131 ve di\u011fer te\u015fhis verileri gibi bilgileri i\u00e7erebilir.<\/p>\n\n<p>Servise bir mobil cihaz arac\u0131l\u0131\u011f\u0131yla veya bir mobil cihaz arac\u0131l\u0131\u011f\u0131yla eri\u015fti\u011finizde, kulland\u0131\u011f\u0131n\u0131z mobil cihaz\u0131n t\u00fcr\u00fc, mobil cihaz\u0131n\u0131z\u0131n tek tan\u0131mlay\u0131c\u0131s\u0131 dahil olmak \u00fczere baz\u0131 bilgileri otomatik olarak kaydedebiliriz, la direcci\u00f3n IP de your dispositivo m\u00f3vil, tu sistema operativo m\u00f3vil, el typeo de navegador de Internet m\u00f3vil que utilizas, identificadores \u00fanicos de dispositivo y otros datos de diagn\u00f3stico.<\/p>\n\n<p>Ayr\u0131ca, Hizmetimizi her ziyaret etti\u011finizde veya bir mobil cihaz arac\u0131l\u0131\u011f\u0131yla Hizmetimize eri\u015fti\u011finizde, taray\u0131c\u0131n\u0131z\u0131n g\u00f6nderdi\u011fi bilgileri yeniden kopyalayabiliriz.<\/p>\n\n<h4 class=\"wp-block-heading\" id=\"information-from-third-party-social-media-services\">Informaci\u00f3n de Servicios de Medios Sociales de Terceros<\/h4>\n\n<p>\u015eirket, Terceros'un a\u015fa\u011f\u0131daki Sosyal Medya Hizmetleri arac\u0131l\u0131\u011f\u0131yla bir hesap olu\u015fturman\u0131za ve Hizmeti kullanmak i\u00e7in oturum ba\u015flatman\u0131za izin verir:<\/p>\n\n<ul class=\"wp-block-list\">\n<li>Google<\/li>\n\n\n\n<li>Facebook<\/li>\n\n\n\n<li>Instagram<\/li>\n\n\n\n<li>Twitter<\/li>\n\n\n\n<li>LinkedIn<\/li>\n<\/ul>\n\n<p>Sizi bir Terceros Sosyal Medya Hizmeti arac\u0131l\u0131\u011f\u0131yla kaydettirmeye karar verirseniz veya ba\u015fka bir \u015fekilde eri\u015fmemize izin verirseniz, ad\u0131n\u0131z, e-posta adresiniz, faaliyetleriniz veya bu hesapla ili\u015fkili ki\u015filer listeniz gibi Terceros Sosyal Medya Hizmeti hesab\u0131n\u0131zla ili\u015fkili olan ki\u015fisel verileri yeniden kopyalayabiliriz.<\/p>\n\n<p>Ayr\u0131ca, Terceros Sosyal Medya Hizmeti hesab\u0131n\u0131z arac\u0131l\u0131\u011f\u0131yla Empresa ile ek bilgi payla\u015fma se\u00e7ene\u011fine de sahipsiniz. Kay\u0131t s\u0131ras\u0131nda veya ba\u015fka bir \u015fekilde bu bilgileri ve Ki\u015fisel Verileri sa\u011flamaya karar verirseniz, bunlar\u0131 kullanmas\u0131, payla\u015fmas\u0131 ve bu Gizlilik Politikas\u0131na uygun bir \u015fekilde saklamas\u0131 i\u00e7in \u0130mparatorlu\u011fa izin vermi\u015f olursunuz. <\/p>\n\n<h4 class=\"wp-block-heading\" id=\"tracking-technologies-and-cookies\">\u0130zleme teknolojileri ve \u00e7erezler<\/h4>\n\n<p>\u00c7erezleri ve benzer izleme teknolojilerini, Nuestro Servicio'daki aktiviteyi rastrear etmek ve daha fazla bilgi saklamak i\u00e7in kullan\u0131r\u0131z. Kullan\u0131lan rastreo teknolojileri, Nuestro Servicio'yu iyile\u015ftirmek ve analiz etmek i\u00e7in bilgileri yeniden toplamak ve rastreo etmek i\u00e7in balizalar, etiketlemeler ve komut dosyalar\u0131d\u0131r. Kulland\u0131\u011f\u0131m\u0131z teknolojiler \u015funlar\u0131 i\u00e7erebilir:  <\/p>\n\n<ul class=\"wp-block-list\">\n<li><strong>\u00c7erezler o Cookies del Navegador.<\/strong>  \u00c7erez, cihaz\u0131n\u0131zda bulunan k\u00fc\u00e7\u00fck bir ar\u015fivdir. Taray\u0131c\u0131n\u0131za t\u00fcm \u00c7erezleri geri \u00e7evirmesini veya bir \u00c7erezin ne zaman g\u00f6nderilece\u011fini belirtmesini s\u00f6yleyebilirsiniz. Bununla birlikte, \u00c7erezleri kabul etmezseniz, Hizmetimizin baz\u0131 b\u00f6l\u00fcmlerini kullanamayabilirsiniz. \u0130nternet taray\u0131c\u0131n\u0131z\u0131n yap\u0131land\u0131rmas\u0131n\u0131 \u00c7erezleri geri \u00e7ekecek \u015fekilde ayarlad\u0131\u011f\u0131n\u0131z s\u00fcrece, Hizmetimiz \u00c7erezleri kullanabilir.   <\/li>\n\n\n\n<li><strong>Balizas Web.<\/strong>  Hizmetimizin baz\u0131 b\u00f6l\u00fcmleri ve elektronik mektuplar\u0131m\u0131z, \u00f6rne\u011fin la Empresa'ya izin veren web i\u015faret\u00e7ileri (ayn\u0131 zamanda clear gifs, pixel tags veya single-pixel gifs olarak da adland\u0131r\u0131l\u0131r) olarak bilinen k\u00fc\u00e7\u00fck elektronik ar\u015fivler i\u00e7erebilir, esas sayfalar\u0131 ziyaret eden veya bir e-posta adresi a\u00e7an kullan\u0131c\u0131lar\u0131 kontrol etmek ve web sitesiyle ilgili di\u011fer istatistikler i\u00e7in (\u00f6rne\u011fin, belirli bir b\u00f6l\u00fcm\u00fcn pop\u00fclerli\u011fini kaydetmek ve sistemin ve sunucunun b\u00fct\u00fcnl\u00fc\u011f\u00fcn\u00fc do\u011frulamak).<\/li>\n<\/ul>\n\n<p>\u00c7erezler \"Persistentes\" veya \"Sesi\u00f3n\" olabilir. Las Cookies persistentes permanecen en your ordenador personal or dispositivo m\u00f3vil cuando te desconectas, mientras que las Cookies de sesi\u00f3n se eliminan en cuanto cierras el navegador web.   <\/p>\n\n<p>Devam\u0131nda belirtilen ama\u00e7lar i\u00e7in hem Oturum \u00c7erezlerini hem de Kal\u0131c\u0131 \u00c7erezleri kullan\u0131yoruz:<\/p>\n\n<ul class=\"wp-block-list\">\n<li><strong>Gerekli \u00e7erezler \/ esencialesTipo<\/strong>: Cookies de Sesi\u00f3nAdministradas por: NosotrosFinalidad: Bu \u00c7erezler, Web Sitesi arac\u0131l\u0131\u011f\u0131yla sunulan hizmetleri size sunmak ve baz\u0131 i\u015flevlerini kullanman\u0131za izin vermek i\u00e7in esansiyeldir. Kullan\u0131c\u0131lar\u0131n kimliklerini do\u011frulamaya ve kullan\u0131c\u0131 hesaplar\u0131n\u0131n hileli kullan\u0131m\u0131n\u0131 \u00f6nlemeye yard\u0131mc\u0131 olur. Bu \u00c7erezler olmadan, talep etti\u011finiz hizmetleri sunamazs\u0131n\u0131z ve bu \u00c7erezleri yaln\u0131zca s\u00f6z konusu hizmetleri sunmak i\u00e7in kullan\u0131r\u0131z.  <\/li>\n\n\n\n<li><strong>Pol\u00edtica de Cookies \/ Aviso Aceptaci\u00f3n CookiesTipo<\/strong>: Cookies persistentesAdministradas por: NosotrosFinalidad: Estas Cookies, kullan\u0131c\u0131lar\u0131n Sitio Web'de \u00e7erez kullan\u0131m\u0131n\u0131 kabul edip etmediklerini belirler.<\/li>\n\n\n\n<li><strong>\u00c7erezlerin \u0130\u015flevselli\u011fiTipo<\/strong>: Cookies persistentesAdministradas por: NosotrosSonu\u00e7: Bu \u00c7erezler, Web Sitesini kullan\u0131rken yapt\u0131\u011f\u0131n\u0131z se\u00e7imleri, \u00f6rne\u011fin oturum ba\u015flatma verilerinizi veya dil tercihinizi kaydetmenize izin verir. Bu \u00c7erezlerin amac\u0131, size daha ki\u015fisel bir deneyim sunmak ve Web Sitesini her kulland\u0131\u011f\u0131n\u0131zda tercihlerinizi tan\u0131tmak zorunda kalman\u0131z\u0131 \u00f6nlemektir. <\/li>\n<\/ul>\n\n<p>Kulland\u0131\u011f\u0131m\u0131z \u00e7erezler ve \u00e7erezlerle ilgili se\u00e7enekleriniz hakk\u0131nda daha fazla bilgi edinmek i\u00e7in \u00c7erez Politikam\u0131z\u0131 veya Gizlilik Politikam\u0131z\u0131n \u00c7erezler b\u00f6l\u00fcm\u00fcn\u00fc ziyaret edin.<\/p>\n\n<h3 class=\"wp-block-heading\" id=\"use-of-your-personal-data\">Ki\u015fisel verilerinizin kullan\u0131m\u0131<\/h3>\n\n<p>La Empresa, Ki\u015fisel Verileri a\u015fa\u011f\u0131daki ama\u00e7lar i\u00e7in kullanabilir:<\/p>\n\n<ul class=\"wp-block-list\">\n<li><strong>Bizi sa\u011flamak ve korumak i\u00e7in<\/strong> Servisimiz, servisimizin kullan\u0131m\u0131n\u0131n kontrol\u00fcn\u00fc de i\u00e7erir.<\/li>\n\n\n\n<li><strong>Para gestionar Tu Cuenta:<\/strong> Hizmetin kullan\u0131c\u0131s\u0131 olarak kayd\u0131n\u0131z\u0131 y\u00f6netmek i\u00e7in. Sa\u011flad\u0131\u011f\u0131n\u0131z Ki\u015fisel Veriler, kay\u0131tl\u0131 kullan\u0131c\u0131 olarak sizin i\u00e7in mevcut olan Hizmetin farkl\u0131 i\u015flevlerine eri\u015fmenizi sa\u011flayabilir. <\/li>\n\n\n\n<li><strong>Bir s\u00f6zle\u015fmenin uygulanmas\u0131 i\u00e7in:<\/strong> El desarrollo, cumplimiento y realizaci\u00f3n del contrato de compra de productos, art\u00edculos or servicios que hayas adquirido or de cualquier otro contrato construct con Nosotros a trav\u00e9s del Servicio.<\/li>\n\n\n\n<li><strong>\u0130leti\u015fim i\u00e7in l\u00fctfen:<\/strong> Elektronik posta, telefon, SMS veya di\u011fer e\u015fde\u011fer elektronik ileti\u015fim y\u00f6ntemleriyle ileti\u015fime ge\u00e7mek i\u00e7in, \u00f6rne\u011fin, uygulanmas\u0131 i\u00e7in gerekli veya makul oldu\u011funda, g\u00fcvenlik g\u00fcncellemeleri de dahil olmak \u00fczere, s\u00f6zle\u015fmeli i\u015flevler, \u00fcr\u00fcnler veya hizmetlerle ilgili g\u00fcncellemeler veya bilgilendirici ileti\u015fimler hakk\u0131nda bir mobil uygulaman\u0131n push bildirimleri gibi.<\/li>\n\n\n\n<li><strong>Size sa\u011flamak i\u00e7in<\/strong> noticias, ofertas speciales e informaci\u00f3n general sobre otherros bienes, servicios and eventsos que y ofrecemos y que similares a los que ya has comprado or sobre los que has preguntado, a menos que hayas optado no recibir dicha informaci\u00f3n.<\/li>\n\n\n\n<li><strong>Tus taleplerini y\u00f6netin:<\/strong> Bize olan taleplerinizi kar\u015f\u0131lamak ve y\u00f6netmek i\u00e7in.<\/li>\n\n\n\n<li><strong>Ticari transferler i\u00e7in:<\/strong> Faaliyetlerimizin bir k\u0131sm\u0131n\u0131n veya tamam\u0131n\u0131n bir f\u00fczyon, desinversiyon, reestructuraci\u00f3n, reorganizaci\u00f3n, disoluci\u00f3n veya ba\u015fka bir venta veya transferini de\u011ferlendirmek veya ger\u00e7ekle\u015ftirmek i\u00e7in bilgilerinizi kullanabiliriz, ister faaliyette olan bir \u015firket olarak isterse de bir quiebra, liquidaci\u00f3n veya benzeri bir prosed\u00fcr\u00fcn par\u00e7as\u0131 olarak, Hizmetimizin kullan\u0131c\u0131lar\u0131na ili\u015fkin sahip oldu\u011fumuz Ki\u015fisel Verilerin aktar\u0131lan faaliyetler aras\u0131nda bulunmas\u0131.<\/li>\n\n\n\n<li><strong>Di\u011fer cezalar i\u00e7in<\/strong>: Verilerin analizi, kullan\u0131m e\u011filimlerinin belirlenmesi, tan\u0131t\u0131m kampanyalar\u0131m\u0131z\u0131n etkinli\u011finin belirlenmesi gibi di\u011fer ama\u00e7lar i\u00e7in ve Hizmetimizi, \u00fcr\u00fcnlerimizi, hizmetlerimizi, pazarlamam\u0131z\u0131 ve deneyiminizi iyile\u015ftirmek i\u00e7in bilgilerinizi kullanabiliriz.<\/li>\n<\/ul>\n\n<p>A\u015fa\u011f\u0131daki durumlarda ki\u015fisel bilgilerinizi payla\u015fabiliriz:<\/p>\n\n<ul class=\"wp-block-list\">\n<li><strong>Con Proveedores de Servicios:<\/strong> Hizmetlerimizin kullan\u0131m\u0131n\u0131 kontrol etmek ve analiz etmek i\u00e7in ki\u015fisel bilgilerinizi Hizmet Sa\u011flay\u0131c\u0131lar\u0131 ile payla\u015fabiliriz, b\u00f6ylece bizimle ileti\u015fime ge\u00e7ebilirsiniz.<\/li>\n\n\n\n<li><strong>Ticari transferler i\u00e7in:<\/strong> \u015eirketimizin herhangi bir f\u00fczyonu, faaliyetlerinin sat\u0131\u015f\u0131, finansman\u0131 veya \u015firketimizin tamam\u0131n\u0131n veya bir k\u0131sm\u0131n\u0131n ba\u015fka bir \u015firket taraf\u0131ndan sat\u0131n al\u0131nmas\u0131 ile ilgili olarak veya m\u00fczakereler s\u0131ras\u0131nda ki\u015fisel bilgilerinizi payla\u015fabilir veya aktarabiliriz.<\/li>\n\n\n\n<li><strong>Con afiliados:<\/strong> Bilgilerinizi \u015firketlerimizle payla\u015fabiliriz, bu durumda bu \u015firketlerden bu Gizlilik Politikas\u0131na sayg\u0131 g\u00f6stermelerini talep ederiz. \u015eirketler, Nuestra matriz \u015firketini ve di\u011fer t\u00fcm \u015firketleri, ortak \u015firketleri veya bizim kontrol\u00fcm\u00fczde olan veya bizimle ortak kontrol alt\u0131nda olan di\u011fer \u015firketleri kapsar. <\/li>\n\n\n\n<li><strong>Ticari ortaklarla:<\/strong> Size belirli \u00fcr\u00fcnler, hizmetler veya promosyonlar sunmak i\u00e7in bilgilerinizi ticari ortaklar\u0131m\u0131zla payla\u015fabiliriz.<\/li>\n\n\n\n<li><strong>Di\u011fer kullan\u0131c\u0131larla:<\/strong> ki\u0307\u015fi\u0307sel bi\u0307lgi\u0307leri\u0307 payla\u015fti\u011finizda veya di\u0307\u011fer kullanicilarla halka a\u00e7ik alanlarda ba\u015fka bi\u0307r \u015feki\u0307lde etki\u0307le\u015fi\u0307me gi\u0307rdi\u0307\u011fi\u0307ni\u0307zde, bu bi\u0307lgi\u0307ler t\u00fcm kullanicilar tarafindan g\u00f6r\u00fclebi\u0307li\u0307r ve di\u015farida halka a\u00e7ik olarak da\u011fitilabi\u0307li\u0307r. Di\u011fer kullan\u0131c\u0131larla etkile\u015fime girerseniz veya bir Terceros Sosyal Medya Hizmeti arac\u0131l\u0131\u011f\u0131yla kaydolursan\u0131z, Terceros Sosyal Medya Hizmeti'ndeki irtibat ki\u015fileriniz ad\u0131n\u0131z\u0131, profilinizi, foto\u011fraflar\u0131n\u0131z\u0131 ve faaliyetlerinizin a\u00e7\u0131klamas\u0131n\u0131 g\u00f6rebilir. Ayn\u0131 \u015fekilde, di\u011fer kullan\u0131c\u0131lar da faaliyetlerinizin a\u00e7\u0131klamalar\u0131n\u0131 g\u00f6rebilir, ileti\u015fim kurabilir ve profilinizi g\u00f6r\u00fcnt\u00fcleyebilir.  <\/li>\n\n\n\n<li><strong>Con Tu consentimiento<\/strong>: Ki\u015fisel verilerinizi izniniz olmadan ba\u015fka herhangi bir ama\u00e7la if\u015fa edebiliriz.<\/li>\n<\/ul>\n\n<h3 class=\"wp-block-heading\" id=\"retention-of-your-personal-data\">Ki\u015fisel verilerinizin korunmas\u0131<\/h3>\n\n<p>La Empresa, Ki\u015fisel Verileri yaln\u0131zca bu Gizlilik Politikas\u0131nda belirtilen ama\u00e7lar i\u00e7in gerekli olan s\u00fcre boyunca saklayacakt\u0131r. Ki\u015fisel Verilerinizi, yasal y\u00fck\u00fcml\u00fcl\u00fcklerimizi yerine getirmek (\u00f6rne\u011fin, uygulanabilir yasalara uymak i\u00e7in verilerinizi saklamak zorundaysak), anla\u015fmazl\u0131klar\u0131 \u00e7\u00f6zmek ve yasal s\u00f6zle\u015fmelerimizi ve politikalar\u0131m\u0131z\u0131 yerine getirmek i\u00e7in gerekli oldu\u011fu \u00f6l\u00e7\u00fcde saklar ve kullan\u0131r\u0131z. <\/p>\n\n<p>\u015eirket ayr\u0131ca Kullan\u0131m Verilerini dahili analiz amac\u0131yla da saklayacakt\u0131r. Genel olarak, Kullan\u0131m Verileri, bu verilerin Nuestro Servicio'nun g\u00fcvenli\u011fini iyile\u015ftirmek veya i\u015flevselli\u011fini geli\u015ftirmek i\u00e7in kullan\u0131ld\u0131\u011f\u0131 veya yasal olarak bu verileri daha b\u00fcy\u00fck s\u00fcreler boyunca korumak zorunda oldu\u011fumuz durumlar haricinde, daha k\u0131sa bir s\u00fcre boyunca korunur. <\/p>\n\n<h3 class=\"wp-block-heading\" id=\"transfer-of-your-personal-data\">Ki\u015fisel verilerinizin aktar\u0131m\u0131<\/h3>\n\n<p>Ki\u015fisel Veriler de dahil olmak \u00fczere bilgileriniz, \u015eirketin operasyonel ofislerinde ve i\u015fleme dahil olan taraflar\u0131n bulundu\u011fu herhangi bir ba\u015fka yerde i\u015flenir. Bu, bu bilgilerin eyaletiniz, iliniz, \u00fclkeniz veya verilerinizin korunmas\u0131na ili\u015fkin yasalar\u0131n sizin yarg\u0131 alan\u0131n\u0131zdan farkl\u0131 olabilece\u011fi ba\u015fka bir yarg\u0131 alan\u0131 d\u0131\u015f\u0131nda bulunan ordenadores'e aktar\u0131labilece\u011fi veya buralarda saklanabilece\u011fi anlam\u0131na gelir. <\/p>\n\n<p>Bu Gizlilik Politikas\u0131na onay vermeniz ve ard\u0131ndan bu bilgileri g\u00f6ndermeniz, bu aktar\u0131m\u0131 kabul etti\u011finiz anlam\u0131na gelir.<\/p>\n\n<p>\u015eirket, verilerinizin g\u00fcvenli bir \u015fekilde ve bu Gizlilik Politikas\u0131na uygun olarak i\u015flenmesini garanti alt\u0131na almak i\u00e7in gerekli t\u00fcm \u00f6nlemleri al\u0131r ve verilerinizin ve di\u011fer ki\u015fisel bilgilerinizin g\u00fcvenli\u011fini i\u00e7eren uygun kontroller mevcut olmad\u0131k\u00e7a, Ki\u015fisel Verilerinizin herhangi bir kurulu\u015fa veya \u00fclkeye aktar\u0131lmas\u0131n\u0131 ger\u00e7ekle\u015ftirmez.<\/p>\n\n<h3 class=\"wp-block-heading\" id=\"delete-your-personal-data\">Ki\u015fisel verilerinizi kaydedin<\/h3>\n\n<p>Sizin hakk\u0131n\u0131zda kaydetti\u011fimiz Ki\u015fisel Verileri ortadan kald\u0131rma veya ortadan kald\u0131rmam\u0131za yard\u0131mc\u0131 olman\u0131z\u0131 isteme hakk\u0131na sahipsiniz.<\/p>\n\n<p>Nuestro Servicio size, Servicio'da yer alan Ti ile ilgili bilgileri silme olana\u011f\u0131 sunabilir.<\/p>\n\n<p>Bilgilerinizi istedi\u011finiz zaman g\u00fcncelleyebilir, de\u011fi\u015ftirebilir veya silebilirsiniz; bunun i\u00e7in hesab\u0131n\u0131za girerek ve ki\u015fisel bilgilerinizi y\u00f6netmenize izin veren hesab\u0131n\u0131z\u0131n yap\u0131land\u0131rma b\u00f6l\u00fcm\u00fcn\u00fc ziyaret edebilirsiniz. Ayr\u0131ca, sa\u011flad\u0131\u011f\u0131n\u0131z herhangi bir ki\u015fisel bilgiye eri\u015fmek, bunlar\u0131 d\u00fczeltmek veya silmek i\u00e7in bizimle ileti\u015fime ge\u00e7ebilirsiniz. <\/p>\n\n<p>Bununla birlikte, yasal bir y\u00fck\u00fcml\u00fcl\u00fc\u011f\u00fcm\u00fcz veya bunu yapmak i\u00e7in hukuki bir dayana\u011f\u0131m\u0131z oldu\u011funda baz\u0131 bilgileri saklamam\u0131z gerekebilece\u011fini unutmay\u0131n.<\/p>\n\n<h3 class=\"wp-block-heading\" id=\"disclosure-of-your-personal-data\">Ki\u015fisel verilerinizin if\u015fas\u0131<\/h3>\n\n<h4 class=\"wp-block-heading\" id=\"business-transactions\">Ticari Operasyonlar<\/h4>\n\n<p>La Empresa'n\u0131n bir f\u00fczyona, sat\u0131n almaya veya faaliyetlere kat\u0131lmas\u0131 durumunda, Ki\u015fisel Veriler aktar\u0131labilir. Ki\u015fisel Verilerinizin aktar\u0131lmas\u0131ndan ve farkl\u0131 bir Gizlilik Politikas\u0131na tabi olmas\u0131ndan \u00f6nce sizi uyar\u0131r\u0131z. <\/p>\n\n<h4 class=\"wp-block-heading\" id=\"law-enforcement\">Yasan\u0131n uygulanmas\u0131<\/h4>\n\n<p>Belirli durumlarda, la Empresa, yasalar gerektirdi\u011finde veya kamu otoritelerinin (\u00f6rne\u011fin, bir mahkeme veya bir devlet kurumu) taleplerine yan\u0131t olarak Ki\u015fisel Verileri if\u015fa etmek zorunda kalabilir.<\/p>\n\n<h4 class=\"wp-block-heading\" id=\"other-legal-requirements\">Di\u011fer yasal gereklilikler<\/h4>\n\n<p>La Empresa, bu eylemin gerekli oldu\u011fu inanc\u0131yla Ki\u015fisel Verilerini if\u015fa edebilir:<\/p>\n\n<ul class=\"wp-block-list\">\n<li>Yasal bir y\u00fck\u00fcml\u00fcl\u00fc\u011f\u00fc yerine getirmek<\/li>\n\n\n\n<li>\u0130\u015fletmenin haklar\u0131n\u0131 veya m\u00fclkiyetini korumak ve savunmak<\/li>\n\n\n\n<li>Hizmet ile ilgili olas\u0131 usuls\u00fczl\u00fckleri \u00f6nlemek veya ara\u015ft\u0131rmak<\/li>\n\n\n\n<li>Usuarios del Servicio veya del p\u00fablico'nun ki\u015fisel g\u00fcvenli\u011fini korumak<\/li>\n\n\n\n<li>Yasal sorumlulu\u011fa kar\u015f\u0131 koruma<\/li>\n<\/ul>\n\n<h3 class=\"wp-block-heading\" id=\"security-of-your-personal-data\">Ki\u015fisel verilerinizin g\u00fcvenli\u011fi<\/h3>\n\n<p>Ki\u015fisel Verilerinizin g\u00fcvenli\u011fi bizim i\u00e7in \u00f6nemlidir, ancak \u0130nternet \u00fczerinden hi\u00e7bir iletim y\u00f6nteminin veya elektronik saklama y\u00f6nteminin 100% g\u00fcvenli olmad\u0131\u011f\u0131n\u0131 unutmay\u0131n. Ki\u015fisel Verilerinizi korumak i\u00e7in ticari olarak kabul edilebilir ara\u00e7lar\u0131 kullanmak i\u00e7in \u00e7aba g\u00f6stermemize ra\u011fmen, g\u00fcvenli\u011finizi mutlak olarak garanti edemeyiz. <\/p>\n\n<h2 class=\"wp-block-heading\" id=\"children-s-privacy\">\u00c7ocuk Gizlili\u011fi<\/h2>\n\n<p>Nuestro Servicio 13 ya\u015f\u0131ndan k\u00fc\u00e7\u00fcklere y\u00f6nelik de\u011fildir. Bilin\u00e7li olarak, 13 ya\u015f\u0131ndan k\u00fc\u00e7\u00fck hi\u00e7bir ki\u015finin kimli\u011fi belirlenebilir ki\u015fisel bilgilerini yeniden derlemiyoruz. E\u011fer bir veli ya da \u00f6\u011fretmen iseniz ve \u00e7ocu\u011funuzun ki\u015fisel bilgilerini verdi\u011finden haberdarsan\u0131z, bizimle ileti\u015fime ge\u00e7iniz. Baban\u0131n r\u0131zas\u0131n\u0131 do\u011frulamadan 13 ya\u015f\u0131ndan k\u00fc\u00e7\u00fck herhangi bir ki\u015finin Ki\u015fisel Verilerini yeniden kopyalad\u0131\u011f\u0131m\u0131z\u0131 biliyorsak, bu bilgileri hizmetlerimizden kald\u0131rmak i\u00e7in gerekli \u00f6nlemleri alaca\u011f\u0131z.   <\/p>\n\n<p>Bilgilerinizi i\u015flemek i\u00e7in yasal temel olarak onay\u0131n\u0131z\u0131 almam\u0131z gerekiyorsa ve \u00fclkeniz babalar\u0131n\u0131zdan birinin onay\u0131n\u0131 gerektiriyorsa, bu bilgileri kopyalamadan ve kullanmadan \u00f6nce babalar\u0131n\u0131z\u0131n onay\u0131n\u0131 isteyebiliriz.<\/p>\n\n<h2 class=\"wp-block-heading\" id=\"links-to-other-websites\">Di\u011fer web sitelerine giri\u015fler<\/h2>\n\n<p>Nuestro Servicio, bizim taraf\u0131m\u0131zdan i\u015fletilmeyen di\u011fer web sitelerine ba\u011flant\u0131lar i\u00e7erebilir. \u00dc\u00e7\u00fcnc\u00fc bir siteye t\u0131klarsan\u0131z, bu \u00fc\u00e7\u00fcnc\u00fc siteye y\u00f6nlendirilirsiniz. Ziyaret etti\u011finiz her sitenin Gizlilik Politikas\u0131n\u0131 dikkatli bir \u015fekilde g\u00f6zden ge\u00e7irmenizi \u00f6neririz.  <\/p>\n\n<p>\u0130\u00e7erik, gizlilik politikalar\u0131 veya \u00fc\u00e7\u00fcnc\u00fc taraflar\u0131n sitelerinin veya hizmetlerinin uygulamalar\u0131 \u00fczerinde hi\u00e7bir kontrol\u00fcm\u00fcz yoktur ve hi\u00e7bir sorumluluk kabul etmiyoruz.<\/p>\n\n<h2 class=\"wp-block-heading\" id=\"changes-to-this-privacy-policy\">Bu Gizlilik Politikas\u0131ndaki De\u011fi\u015fiklikler<\/h2>\n\n<p>Nuestra Pol\u00edtica de Privacidad'\u0131 zaman zaman g\u00fcncelleyebiliriz. Her t\u00fcrl\u00fc de\u011fi\u015fikli\u011fi bu sayfada yeni Gizlilik Politikam\u0131z\u0131 yay\u0131nlayarak size bildiririz. <\/p>\n\n<p>Te lo haremos saber por correo electr\u00f3nico y\/o mediante un aviso destacado en Nuestro Servicio, antes de que el cambio entre en vigor, and actualizarem la fecha de \"\u00daltima actualizaci\u00f3n\" in la parte superior de this Pol\u00edtica de Privacidad.<\/p>\n\n<p>Te aconsejamos que revises peri\u00f3dicamente this Pol\u00edtica de Privacidad para comprobar si se have produced alg\u00fan cambio. Bu Gizlilik Politikas\u0131ndaki de\u011fi\u015fiklikler bu sayfada yay\u0131nland\u0131ktan sonra y\u00fcr\u00fcrl\u00fc\u011fe girecektir. <\/p>\n\n<h2 class=\"wp-block-heading\" id=\"contact-us\">Bizimle ileti\u015fime ge\u00e7in<\/h2>\n\n<p>Bu Gizlilik Politikas\u0131 hakk\u0131nda herhangi bir sorunuz varsa, bizimle ileti\u015fime ge\u00e7ebilirsiniz:<\/p>\n\n<ul class=\"wp-block-list\">\n<li>Por correo electr\u00f3nico: [office@mycompany .com]<\/li>\n\n\n\n<li>Web sitemizin bu sayfas\u0131n\u0131 ziyaret edin: http:\/\/www.mycompany.com\/contact-us<\/li>\n\n\n\n<li>Telefon ile: 19988889999<\/li>\n\n\n\n<li>Por correo:  [Adresiniz]<\/li>\n<\/ul>","protected":false},"excerpt":{"rendered":"<p>En son g\u00fcncelle\u015ftirme: 09 de enero de 2024 \u8bf7\u6839\u636e\u81ea\u5df1\u7684\u9700\u8981\u4fee\u6539\u5185\u5bb9 Bu Gizlilik Politikas\u0131, Hizmeti kullan\u0131rken bilgilerinizin al\u0131nmas\u0131, kullan\u0131lmas\u0131 ve if\u015fa edilmesine ili\u015fkin politikalar\u0131m\u0131z\u0131 ve prosed\u00fcrlerimizi a\u00e7\u0131klar ve gizlilik haklar\u0131n\u0131z ve yasalar\u0131 nas\u0131l korudu\u011funuz hakk\u0131nda bilgi verir. Hizmeti sunmak ve iyile\u015ftirmek i\u00e7in ki\u015fisel verilerinizi kullan\u0131yoruz. Al [...]<\/p>","protected":false},"author":1,"featured_media":0,"parent":0,"menu_order":0,"comment_status":"closed","ping_status":"closed","template":"","meta":{"_acf_changed":false,"_gspb_post_css":"","footnotes":""},"class_list":["post-9266","page","type-page","status-publish","hentry"],"blocksy_meta":{"page_structure_type":"type-3","styles_descriptor":{"styles":{"desktop":"","tablet":"","mobile":""},"google_fonts":[],"version":6}},"yoast_head":"<!-- This site is optimized with the Yoast SEO Premium plugin v23.8 (Yoast SEO v25.0) - https:\/\/yoast.com\/wordpress\/plugins\/seo\/ -->\n<title>Pol\u00edtica de privacidad - Smart Glass Film<\/title>\n<meta name=\"robots\" content=\"index, follow, max-snippet:-1, max-image-preview:large, max-video-preview:-1\" \/>\n<link rel=\"canonical\" href=\"https:\/\/smartglass-film.com\/tr\/politica-de-privacidad\/\" \/>\n<meta property=\"og:locale\" content=\"tr_TR\" \/>\n<meta property=\"og:type\" content=\"article\" \/>\n<meta property=\"og:title\" content=\"Pol\u00edtica de privacidad\" \/>\n<meta property=\"og:description\" content=\"\u00daltima actualizaci\u00f3n: 09 de enero de 2024 \u8bf7\u6839\u636e\u81ea\u5df1\u7684\u9700\u8981\u4fee\u6539\u5185\u5bb9 Esta Pol\u00edtica de Privacidad describe Nuestras pol\u00edticas y procedimientos sobre la recogida, uso y divulgaci\u00f3n de Tu informaci\u00f3n cuando utilizas el Servicio y te informa sobre Tus derechos de privacidad y c\u00f3mo te protege la ley. Utilizamos Tus datos personales para proporcionar y mejorar el Servicio. Al [&hellip;]\" \/>\n<meta property=\"og:url\" content=\"https:\/\/smartglass-film.com\/tr\/politica-de-privacidad\/\" \/>\n<meta property=\"og:site_name\" content=\"Smart Glass Film\" \/>\n<meta property=\"article:publisher\" content=\"https:\/\/www.facebook.com\/share\/1Am1Y36xhV\/?mibextid=LQQJ4d\" \/>\n<meta property=\"article:modified_time\" content=\"2024-11-23T11:36:30+00:00\" \/>\n<meta name=\"twitter:card\" content=\"summary_large_image\" \/>\n<meta name=\"twitter:site\" content=\"@smartglassfilm_\" \/>\n<meta name=\"twitter:label1\" content=\"Tahmini okuma s\u00fcresi\" \/>\n\t<meta name=\"twitter:data1\" content=\"15 dakika\" \/>\n<script type=\"application\/ld+json\" class=\"yoast-schema-graph\">{\"@context\":\"https:\/\/schema.org\",\"@graph\":[{\"@type\":\"WebPage\",\"@id\":\"https:\/\/smartglass-film.com\/ar\/%d8%b3%d9%8a%d8%a7%d8%b3%d8%a9-%d8%a7%d9%84%d8%ae%d8%b5%d9%88%d8%b5%d9%8a%d8%a9-3\/\",\"url\":\"https:\/\/smartglass-film.com\/ar\/%d8%b3%d9%8a%d8%a7%d8%b3%d8%a9-%d8%a7%d9%84%d8%ae%d8%b5%d9%88%d8%b5%d9%8a%d8%a9-3\/\",\"name\":\"Pol\u00edtica de privacidad - Smart Glass Film\",\"isPartOf\":{\"@id\":\"https:\/\/smartglass-film.com\/pt\/#website\"},\"datePublished\":\"2024-01-08T19:30:32+00:00\",\"dateModified\":\"2024-11-23T11:36:30+00:00\",\"breadcrumb\":{\"@id\":\"https:\/\/smartglass-film.com\/ar\/%d8%b3%d9%8a%d8%a7%d8%b3%d8%a9-%d8%a7%d9%84%d8%ae%d8%b5%d9%88%d8%b5%d9%8a%d8%a9-3\/#breadcrumb\"},\"inLanguage\":\"tr\",\"potentialAction\":[{\"@type\":\"ReadAction\",\"target\":[\"https:\/\/smartglass-film.com\/ar\/%d8%b3%d9%8a%d8%a7%d8%b3%d8%a9-%d8%a7%d9%84%d8%ae%d8%b5%d9%88%d8%b5%d9%8a%d8%a9-3\/\"]}]},{\"@type\":\"BreadcrumbList\",\"@id\":\"https:\/\/smartglass-film.com\/ar\/%d8%b3%d9%8a%d8%a7%d8%b3%d8%a9-%d8%a7%d9%84%d8%ae%d8%b5%d9%88%d8%b5%d9%8a%d8%a9-3\/#breadcrumb\",\"itemListElement\":[{\"@type\":\"ListItem\",\"position\":1,\"name\":\"\u9996\u9875\",\"item\":\"https:\/\/smartglass-film.com\/\"},{\"@type\":\"ListItem\",\"position\":2,\"name\":\"Pol\u00edtica de privacidad\"}]},{\"@type\":\"WebSite\",\"@id\":\"https:\/\/smartglass-film.com\/pt\/#website\",\"url\":\"https:\/\/smartglass-film.com\/pt\/\",\"name\":\"Smart Glass Film\",\"description\":\"B2B Smart Film\/Smart Glass Manufacturer\",\"publisher\":{\"@id\":\"https:\/\/smartglass-film.com\/pt\/#organization\"},\"potentialAction\":[{\"@type\":\"SearchAction\",\"target\":{\"@type\":\"EntryPoint\",\"urlTemplate\":\"https:\/\/smartglass-film.com\/pt\/?s={search_term_string}\"},\"query-input\":{\"@type\":\"PropertyValueSpecification\",\"valueRequired\":true,\"valueName\":\"search_term_string\"}}],\"inLanguage\":\"tr\"},{\"@type\":\"Organization\",\"@id\":\"https:\/\/smartglass-film.com\/pt\/#organization\",\"name\":\"Smart Glass Film\",\"url\":\"https:\/\/smartglass-film.com\/pt\/\",\"logo\":{\"@type\":\"ImageObject\",\"inLanguage\":\"tr\",\"@id\":\"https:\/\/smartglass-film.com\/pt\/#\/schema\/logo\/image\/\",\"url\":\"https:\/\/smartglass-film.com\/wp-content\/uploads\/2024\/11\/\u767d\u8272\u6216\u6d45\u8272\u80cc\u666fLOGO1-6.png\",\"contentUrl\":\"https:\/\/smartglass-film.com\/wp-content\/uploads\/2024\/11\/\u767d\u8272\u6216\u6d45\u8272\u80cc\u666fLOGO1-6.png\",\"width\":1178,\"height\":113,\"caption\":\"Smart Glass Film\"},\"image\":{\"@id\":\"https:\/\/smartglass-film.com\/pt\/#\/schema\/logo\/image\/\"},\"sameAs\":[\"https:\/\/www.facebook.com\/share\/1Am1Y36xhV\/?mibextid=LQQJ4d\",\"https:\/\/x.com\/smartglassfilm_\",\"https:\/\/www.instagram.com\/smartglassfilm_pdlc\/profilecard\/?igsh=bjlzdjNwazN0djIz\",\"https:\/\/youtube.com\/@smartglassfilm-pdlc?si=tjiMpDZJMPb-mjQG\",\"https:\/\/www.tiktok.com\/@smartglassfilm_sgf\"]}]}<\/script>\n<!-- \/ Yoast SEO Premium plugin. -->","yoast_head_json":{"title":"Pol\u00edtica de privacidad - Smart Glass Film","robots":{"index":"index","follow":"follow","max-snippet":"max-snippet:-1","max-image-preview":"max-image-preview:large","max-video-preview":"max-video-preview:-1"},"canonical":"https:\/\/smartglass-film.com\/tr\/politica-de-privacidad\/","og_locale":"tr_TR","og_type":"article","og_title":"Pol\u00edtica de privacidad","og_description":"\u00daltima actualizaci\u00f3n: 09 de enero de 2024 \u8bf7\u6839\u636e\u81ea\u5df1\u7684\u9700\u8981\u4fee\u6539\u5185\u5bb9 Esta Pol\u00edtica de Privacidad describe Nuestras pol\u00edticas y procedimientos sobre la recogida, uso y divulgaci\u00f3n de Tu informaci\u00f3n cuando utilizas el Servicio y te informa sobre Tus derechos de privacidad y c\u00f3mo te protege la ley. Utilizamos Tus datos personales para proporcionar y mejorar el Servicio. Al [&hellip;]","og_url":"https:\/\/smartglass-film.com\/tr\/politica-de-privacidad\/","og_site_name":"Smart Glass Film","article_publisher":"https:\/\/www.facebook.com\/share\/1Am1Y36xhV\/?mibextid=LQQJ4d","article_modified_time":"2024-11-23T11:36:30+00:00","twitter_card":"summary_large_image","twitter_site":"@smartglassfilm_","twitter_misc":{"Tahmini okuma s\u00fcresi":"15 dakika"},"schema":{"@context":"https:\/\/schema.org","@graph":[{"@type":"WebPage","@id":"https:\/\/smartglass-film.com\/ar\/%d8%b3%d9%8a%d8%a7%d8%b3%d8%a9-%d8%a7%d9%84%d8%ae%d8%b5%d9%88%d8%b5%d9%8a%d8%a9-3\/","url":"https:\/\/smartglass-film.com\/ar\/%d8%b3%d9%8a%d8%a7%d8%b3%d8%a9-%d8%a7%d9%84%d8%ae%d8%b5%d9%88%d8%b5%d9%8a%d8%a9-3\/","name":"Pol\u00edtica de privacidad - Smart Glass Film","isPartOf":{"@id":"https:\/\/smartglass-film.com\/pt\/#website"},"datePublished":"2024-01-08T19:30:32+00:00","dateModified":"2024-11-23T11:36:30+00:00","breadcrumb":{"@id":"https:\/\/smartglass-film.com\/ar\/%d8%b3%d9%8a%d8%a7%d8%b3%d8%a9-%d8%a7%d9%84%d8%ae%d8%b5%d9%88%d8%b5%d9%8a%d8%a9-3\/#breadcrumb"},"inLanguage":"tr","potentialAction":[{"@type":"ReadAction","target":["https:\/\/smartglass-film.com\/ar\/%d8%b3%d9%8a%d8%a7%d8%b3%d8%a9-%d8%a7%d9%84%d8%ae%d8%b5%d9%88%d8%b5%d9%8a%d8%a9-3\/"]}]},{"@type":"BreadcrumbList","@id":"https:\/\/smartglass-film.com\/ar\/%d8%b3%d9%8a%d8%a7%d8%b3%d8%a9-%d8%a7%d9%84%d8%ae%d8%b5%d9%88%d8%b5%d9%8a%d8%a9-3\/#breadcrumb","itemListElement":[{"@type":"ListItem","position":1,"name":"\u9996\u9875","item":"https:\/\/smartglass-film.com\/"},{"@type":"ListItem","position":2,"name":"Pol\u00edtica de privacidad"}]},{"@type":"WebSite","@id":"https:\/\/smartglass-film.com\/pt\/#website","url":"https:\/\/smartglass-film.com\/pt\/","name":"Smart Glass Film","description":"B2B Smart Film\/Smart Glass Manufacturer","publisher":{"@id":"https:\/\/smartglass-film.com\/pt\/#organization"},"potentialAction":[{"@type":"SearchAction","target":{"@type":"EntryPoint","urlTemplate":"https:\/\/smartglass-film.com\/pt\/?s={search_term_string}"},"query-input":{"@type":"PropertyValueSpecification","valueRequired":true,"valueName":"search_term_string"}}],"inLanguage":"tr"},{"@type":"Organization","@id":"https:\/\/smartglass-film.com\/pt\/#organization","name":"Smart Glass Film","url":"https:\/\/smartglass-film.com\/pt\/","logo":{"@type":"ImageObject","inLanguage":"tr","@id":"https:\/\/smartglass-film.com\/pt\/#\/schema\/logo\/image\/","url":"https:\/\/smartglass-film.com\/wp-content\/uploads\/2024\/11\/\u767d\u8272\u6216\u6d45\u8272\u80cc\u666fLOGO1-6.png","contentUrl":"https:\/\/smartglass-film.com\/wp-content\/uploads\/2024\/11\/\u767d\u8272\u6216\u6d45\u8272\u80cc\u666fLOGO1-6.png","width":1178,"height":113,"caption":"Smart Glass Film"},"image":{"@id":"https:\/\/smartglass-film.com\/pt\/#\/schema\/logo\/image\/"},"sameAs":["https:\/\/www.facebook.com\/share\/1Am1Y36xhV\/?mibextid=LQQJ4d","https:\/\/x.com\/smartglassfilm_","https:\/\/www.instagram.com\/smartglassfilm_pdlc\/profilecard\/?igsh=bjlzdjNwazN0djIz","https:\/\/youtube.com\/@smartglassfilm-pdlc?si=tjiMpDZJMPb-mjQG","https:\/\/www.tiktok.com\/@smartglassfilm_sgf"]}]}},"acf":[],"_links":{"self":[{"href":"https:\/\/smartglass-film.com\/tr\/wp-json\/wp\/v2\/pages\/9266","targetHints":{"allow":["GET"]}}],"collection":[{"href":"https:\/\/smartglass-film.com\/tr\/wp-json\/wp\/v2\/pages"}],"about":[{"href":"https:\/\/smartglass-film.com\/tr\/wp-json\/wp\/v2\/types\/page"}],"author":[{"embeddable":true,"href":"https:\/\/smartglass-film.com\/tr\/wp-json\/wp\/v2\/users\/1"}],"replies":[{"embeddable":true,"href":"https:\/\/smartglass-film.com\/tr\/wp-json\/wp\/v2\/comments?post=9266"}],"version-history":[{"count":0,"href":"https:\/\/smartglass-film.com\/tr\/wp-json\/wp\/v2\/pages\/9266\/revisions"}],"wp:attachment":[{"href":"https:\/\/smartglass-film.com\/tr\/wp-json\/wp\/v2\/media?parent=9266"}],"curies":[{"name":"wp","href":"https:\/\/api.w.org\/{rel}","templated":true}]}}