{"id":9266,"date":"2024-01-08T15:30:32","date_gmt":"2024-01-08T19:30:32","guid":{"rendered":"http:\/\/smartglass-film.com\/politica-de-privacidad\/"},"modified":"2024-11-23T07:36:30","modified_gmt":"2024-11-23T11:36:30","slug":"politica-de-privacidade-2","status":"publish","type":"page","link":"https:\/\/smartglass-film.com\/pt\/politica-de-privacidade-2\/","title":{"rendered":"Pol\u00edtica de privacidade"},"content":{"rendered":"<p>\u00daltima atualiza\u00e7\u00e3o: 09 de janeiro de 2024<\/p>\n\n<p>\u8bf7\u6839\u636e\u81ea\u5df1\u7684\u9700\u8981\u4fee\u6539\u5185\u5bb9<\/p>\n\n<p>Esta Pol\u00edtica de Privacidade descreve as nossas pol\u00edticas e procedimentos sobre a recolha, utiliza\u00e7\u00e3o e divulga\u00e7\u00e3o das suas informa\u00e7\u00f5es quando utiliza o Servi\u00e7o e informa-o sobre os seus direitos de privacidade e como protege a lei.<\/p>\n\n<p>Utilizamos os seus dados pessoais para prestar e melhorar o Servi\u00e7o. Ao utilizar o Servi\u00e7o, aceita a recopila\u00e7\u00e3o e o uso da informa\u00e7\u00e3o de acordo com esta Pol\u00edtica de Privacidade.   <\/p>\n\n<h2 class=\"wp-block-heading\" id=\"interpretation-and-definitions\">Interpreta\u00e7\u00e3o e defini\u00e7\u00f5es<\/h2>\n\n<h3 class=\"wp-block-heading\" id=\"interpretation\">Interpreta\u00e7\u00e3o<\/h3>\n\n<p>Las palabras cuya letra inicial va en may\u00fascula tienen significados definidos en las siguientes condiciones. Las siguientes definiciones tendr\u00e1n el mismo significado independientemente de que aparezcan en singular o en plural. <\/p>\n\n<h3 class=\"wp-block-heading\" id=\"definitions\">Defini\u00e7\u00f5es<\/h3>\n\n<p>A partir dos efeitos da presente Pol\u00edtica de Privacidade:<\/p>\n\n<ul class=\"wp-block-list\">\n<li><strong>Cuenta<\/strong> significa uma conta \u00fanica criada para que T\u00fa acedas ao nosso Servi\u00e7o ou a partes do nosso Servi\u00e7o.<\/li>\n\n\n\n<li><strong>Afiliada<\/strong> significa una entidad que controla, es controlada por o est\u00e1 bajo control com\u00fan con una parte, donde \"control\" significa la propiedad del 50% o m\u00e1s de las aciones, participaciones u otros valores con derecho a voto para la elecci\u00f3n de diretores u otra autoridad de gesti\u00f3n.<\/li>\n\n\n\n<li><strong>Empresa<\/strong> (denominada \"la Empresa\", \"Nosotros\", \"Nos\" o \"Nuestro\" en el presente Acuerdo) se refiere a [My Company LLC], [Endere\u00e7o da empresa].<\/li>\n\n\n\n<li><strong>Os biscoitos<\/strong> S\u00e3o pequenos arquivos que um s\u00edtio Web coloca no seu ordenador, dispositivo m\u00f3vel ou qualquer outro dispositivo e que cont\u00eam, entre outras coisas, os dados do seu hist\u00f3rico de navega\u00e7\u00e3o nesse s\u00edtio Web.<\/li>\n\n\n\n<li>El <strong>pa\u00eds<\/strong> se refere a: China<\/li>\n\n\n\n<li><strong>Dispositivo<\/strong> significa qualquer dispositivo que possa aceder ao Servi\u00e7o, como um ordenador, um telefone m\u00f3vel ou uma mesa digital.<\/li>\n\n\n\n<li>Los <strong>Dados Pessoais<\/strong> s\u00e3o todas as informa\u00e7\u00f5es relativas a uma pessoa f\u00edsica identificada ou identific\u00e1vel.<\/li>\n\n\n\n<li><strong>Servi\u00e7o<\/strong> se refiere al Sitio Web.<\/li>\n\n\n\n<li><strong>Fornecedor de Servi\u00e7os<\/strong> refere-se a qualquer pessoa f\u00edsica ou jur\u00eddica que processe os dados em nome da Empresa. Refere-se a outras empresas ou pessoas contratadas pela Empresa para facilitar o Servi\u00e7o, prestar o Servi\u00e7o em nome da Empresa, realizar servi\u00e7os relacionados com o Servi\u00e7o ou ajudar a Empresa a analisar a forma como o Servi\u00e7o \u00e9 utilizado. <\/li>\n\n\n\n<li><strong>Servi\u00e7o de redes sociais de terceiros<\/strong> refere-se a qualquer s\u00edtio web ou qualquer s\u00edtio web de redes sociais atrav\u00e9s do qual um Utilizador pode iniciar uma sess\u00e3o ou criar uma conta para utilizar o Servi\u00e7o.<\/li>\n\n\n\n<li>Los <strong>Dados de Utiliza\u00e7\u00e3o<\/strong> referem-se aos dados recolhidos automaticamente, quer sejam gerados pela utiliza\u00e7\u00e3o do Servi\u00e7o ou pela pr\u00f3pria infraestrutura do Servi\u00e7o (por exemplo, a dura\u00e7\u00e3o da visita a uma p\u00e1gina).<\/li>\n\n\n\n<li><strong>A p\u00e1gina web<\/strong> faz refer\u00eancia a [O meu s\u00edtio Web], acess\u00edvel a partir de https:\/\/www.mywebsite.com<\/li>\n\n\n\n<li><strong>T\u00fa<\/strong> significa o indiv\u00edduo que acede ou utiliza o Servi\u00e7o, ou a empresa, ou outra entidade legal em nome da qual o indiv\u00edduo acede ou utiliza o Servi\u00e7o, conforme corresponda.<\/li>\n<\/ul>\n\n<h2 class=\"wp-block-heading\" id=\"collecting-and-using-your-personal-data\">Recolha e utiliza\u00e7\u00e3o dos seus dados pessoais<\/h2>\n\n<h3 class=\"wp-block-heading\" id=\"types-of-data-collected\">Tipos de dados registados<\/h3>\n\n<h4 class=\"wp-block-heading\" id=\"personal-data\">Dados pessoais<\/h4>\n\n<p>Ao utilizar o nosso servi\u00e7o, podemos pedir-lhe que nos forne\u00e7a informa\u00e7\u00f5es claras de identifica\u00e7\u00e3o pessoal que possam ser utilizadas para o contactar ou identificar. A informa\u00e7\u00e3o de identifica\u00e7\u00e3o pessoal pode incluir, mas n\u00e3o se limita a: <\/p>\n\n<ul class=\"wp-block-list\">\n<li>Dire\u00e7\u00e3o de correio eletr\u00f3nico<\/li>\n\n\n\n<li>Nome e apelidos<\/li>\n\n\n\n<li>N\u00famero de telefone<\/li>\n\n\n\n<li>Dire\u00e7\u00e3o, Estado, Prov\u00edncia, C\u00f3digo postal, Cidade<\/li>\n\n\n\n<li>Dados de utiliza\u00e7\u00e3o<\/li>\n<\/ul>\n\n<h4 class=\"wp-block-heading\" id=\"usage-data\">Dados de utiliza\u00e7\u00e3o<\/h4>\n\n<p>Os Dados de Utiliza\u00e7\u00e3o s\u00e3o registados automaticamente ao utilizar o Servi\u00e7o.<\/p>\n\n<p>Os Dados de Utiliza\u00e7\u00e3o podem incluir informa\u00e7\u00f5es como a dire\u00e7\u00e3o do Protocolo de Internet do Seu Dispositivo (por exemplo, a dire\u00e7\u00e3o IP), o tipo de navegador, a vers\u00e3o do navegador, as p\u00e1ginas do nosso Servi\u00e7o que visita, a hora e o fecho da Sua visita, o tempo que passa nessas p\u00e1ginas, identificadores \u00fanicos de dispositivo e outros dados de diagn\u00f3stico.<\/p>\n\n<p>Ao aceder ao Servi\u00e7o por ou atrav\u00e9s de um dispositivo m\u00f3vel, podemos recopilar automaticamente determinadas informa\u00e7\u00f5es, incluindo, entre outras, o tipo de dispositivo m\u00f3vel que utiliza, o identificador \u00fanico do seu dispositivo m\u00f3vel, a dire\u00e7\u00e3o IP do seu dispositivo m\u00f3vel, o seu sistema operativo m\u00f3vel, o tipo de navegador de Internet m\u00f3vel que utiliza, identificadores \u00fanicos de dispositivo e outros dados de diagn\u00f3stico.<\/p>\n\n<p>Tamb\u00e9m podemos recolher informa\u00e7\u00f5es que o seu navegador envia cada vez que visita o nosso Servi\u00e7o ou quando acede ao Servi\u00e7o atrav\u00e9s de um dispositivo m\u00f3vel.<\/p>\n\n<h4 class=\"wp-block-heading\" id=\"information-from-third-party-social-media-services\">Informa\u00e7\u00e3o sobre os servi\u00e7os de meios de comunica\u00e7\u00e3o social da Terceros<\/h4>\n\n<p>A Empresa permite-lhe criar uma conta e iniciar uma sess\u00e3o para utilizar o Servi\u00e7o atrav\u00e9s dos seguintes Servi\u00e7os de Medios Sociales de Terceros:<\/p>\n\n<ul class=\"wp-block-list\">\n<li>Google<\/li>\n\n\n\n<li>Facebook<\/li>\n\n\n\n<li>Instagram<\/li>\n\n\n\n<li>Twitter<\/li>\n\n\n\n<li>LinkedIn<\/li>\n<\/ul>\n\n<p>Se decidir registar-se atrav\u00e9s de um Servi\u00e7o de Medios Sociales de Terceros ou conceder-nos acesso a ele de qualquer outra forma, podemos recopilar dados pessoais que j\u00e1 est\u00e3o associados \u00e0 sua conta do Servi\u00e7o de Medios Sociales de Terceros, como o seu nome, a sua dire\u00e7\u00e3o de correio eletr\u00f3nico, as suas actividades ou a sua lista de contactos associados a essa conta.<\/p>\n\n<p>Tamb\u00e9m pode ter a op\u00e7\u00e3o de partilhar informa\u00e7\u00f5es adicionais com a Empresa atrav\u00e9s da conta do seu Servi\u00e7o de Redes Sociais da Terceros. Se decidir fornecer essas informa\u00e7\u00f5es e dados pessoais, durante o registo ou de outra forma, est\u00e1 a dar permiss\u00e3o \u00e0 Empresa para os utilizar, partilhar e armazenar de forma coerente com esta Pol\u00edtica de Privacidade. <\/p>\n\n<h4 class=\"wp-block-heading\" id=\"tracking-technologies-and-cookies\">Tecnologias de seguimento e cookies<\/h4>\n\n<p>Utilizamos Cookies e tecnologias de seguimento semelhantes para rastrear a atividade no nosso Servi\u00e7o e armazenar informa\u00e7\u00e3o. As tecnologias de rastreio utilizadas s\u00e3o balizas, etiquetas e scripts para recopilar e rastrear informa\u00e7\u00e3o e para melhorar e analisar o Nosso Servi\u00e7o. As tecnologias que utilizamos podem incluir:  <\/p>\n\n<ul class=\"wp-block-list\">\n<li><strong>Cookies ou Cookies do Navegador.<\/strong>  Um cookie \u00e9 um pequeno arquivo que \u00e9 colocado no Seu Dispositivo. Pode indicar ao Seu navegador que rejeite todos os Cookies ou que indique quando \u00e9 enviado um Cookie. Sem embargo, se n\u00e3o aceitar os Cookies, \u00e9 poss\u00edvel que n\u00e3o possa utilizar algumas partes do nosso Servi\u00e7o. A menos que tenha ajustado a configura\u00e7\u00e3o do seu navegador para que rejeite os Cookies, o nosso Servi\u00e7o pode utilizar Cookies.   <\/li>\n\n\n\n<li><strong>Balizas Web.<\/strong>  Algumas sec\u00e7\u00f5es do nosso Servi\u00e7o e os nossos correios electr\u00f3nicos podem conter pequenos arquivos electr\u00f3nicos conhecidos como web beacons (tamb\u00e9m denominados clear gifs, pixel tags e single-pixel gifs) que permitem \u00e0 Empresa, por exemplo, contar os utilizadores que visitaram estas p\u00e1ginas ou acederam a um correio eletr\u00f3nico e para outras estat\u00edsticas relacionadas com o s\u00edtio web (por exemplo, registar a popularidade de uma determinada sec\u00e7\u00e3o e verificar a integridade do sistema e do servidor).<\/li>\n<\/ul>\n\n<p>Os Cookies podem ser \"Persistentes\" ou de \"Sess\u00e3o\". Os Cookies persistentes permanecem no teu ordenador pessoal ou dispositivo m\u00f3vel quando te desconectas, enquanto que os Cookies de sess\u00e3o s\u00e3o eliminados quando cedes o navegador web.   <\/p>\n\n<p>Utilizamos tanto Cookies de Sess\u00e3o como Persistentes para os fins que se indicam a seguir:<\/p>\n\n<ul class=\"wp-block-list\">\n<li><strong>Cookies necess\u00e1rios \/ essenciaisTipo<\/strong>: Cookies de Sess\u00e3oAdministrados por: NosotrosFinalidade: Estes Cookies s\u00e3o essenciais para lhe fornecer os servi\u00e7os dispon\u00edveis atrav\u00e9s do Sitio Web e para lhe permitir utilizar algumas das suas fun\u00e7\u00f5es. Ajudam a autenticar os utilizadores e a evitar o uso fraudulento das contas de utilizador. Sem estes Cookies, n\u00e3o se podem prestar os servi\u00e7os que solicitou, e apenas utilizamos estes Cookies para prestar estes servi\u00e7os.  <\/li>\n\n\n\n<li><strong>Pol\u00edtica de Cookies \/ Aviso de Aceita\u00e7\u00e3o de CookiesTipo<\/strong>: Cookies persistentesAdministrados por: NosotrosFinalidad: Estas Cookies identificam se os utilizadores aceitaram o uso de cookies no Sitio Web.<\/li>\n\n\n\n<li><strong>Funcionalidade CookiesTipo<\/strong>: Cookies persistentesAdministrados por: NosotrosFinalidade: Estes Cookies permitem-nos registar as escolhas que faz quando utiliza o Sitio Web, como registar os seus dados de in\u00edcio de sess\u00e3o ou a sua prefer\u00eancia de idioma. O objetivo destes Cookies \u00e9 proporcionar-lhe uma experi\u00eancia mais pessoal e evitar que tenha de voltar a introduzir as suas prefer\u00eancias cada vez que utiliza o Sitio Web. <\/li>\n<\/ul>\n\n<p>Para obter mais informa\u00e7\u00f5es sobre os cookies que utilizamos e as suas op\u00e7\u00f5es em rela\u00e7\u00e3o aos cookies, visite a nossa Pol\u00edtica de cookies ou a sec\u00e7\u00e3o Cookies da nossa Pol\u00edtica de privacidade.<\/p>\n\n<h3 class=\"wp-block-heading\" id=\"use-of-your-personal-data\">Utiliza\u00e7\u00e3o dos seus dados pessoais<\/h3>\n\n<p>A Empresa pode utilizar os Dados Pessoais para os seguintes fins:<\/p>\n\n<ul class=\"wp-block-list\">\n<li><strong>Para proporcionar e manter o nosso<\/strong> Servi\u00e7o, incluindo o controlo da utiliza\u00e7\u00e3o do nosso Servi\u00e7o.<\/li>\n\n\n\n<li><strong>Para gerir a sua conta:<\/strong> para gerir o Seu registo como utilizador do Servi\u00e7o. Os Dados Pessoais que fornece permitem-lhe aceder a diferentes funcionalidades do Servi\u00e7o que est\u00e3o dispon\u00edveis para si como utilizador registado. <\/li>\n\n\n\n<li><strong>Para a eje\u00e7\u00e3o de um contrato:<\/strong> o desenvolvimento, cumprimento e realiza\u00e7\u00e3o do contrato de compra dos produtos, artigos ou servi\u00e7os que tenha adquirido ou de qualquer outro contrato connosco atrav\u00e9s do Servi\u00e7o.<\/li>\n\n\n\n<li><strong>Para entrar em contacto contigo:<\/strong> Para entrar em contacto contigo por correio eletr\u00f3nico, chamadas telef\u00f3nicas, SMS ou outras formas equivalentes de comunica\u00e7\u00e3o eletr\u00f3nica, como as notifica\u00e7\u00f5es push de uma aplica\u00e7\u00e3o m\u00f3vel sobre actualiza\u00e7\u00f5es ou comunica\u00e7\u00f5es informativas relacionadas com as funcionalidades, produtos ou servi\u00e7os contratados, incluindo as actualiza\u00e7\u00f5es de seguran\u00e7a, quando for necess\u00e1rio ou razo\u00e1vel para a sua implementa\u00e7\u00e3o.<\/li>\n\n\n\n<li><strong>Para fornecer-lhe<\/strong> not\u00edcias, ofertas especiais e informa\u00e7\u00f5es gerais sobre outros bens, servi\u00e7os e eventos que oferecemos e que s\u00e3o semelhantes aos que j\u00e1 comprou ou sobre os que perguntou, a menos que tenha optado por n\u00e3o receber essas informa\u00e7\u00f5es.<\/li>\n\n\n\n<li><strong>Gerir os seus pedidos:<\/strong> Para atender e gerir as suas solicita\u00e7\u00f5es a n\u00f3s.<\/li>\n\n\n\n<li><strong>Para transfer\u00eancias empresariais:<\/strong> Podemos utilizar a Sua informa\u00e7\u00e3o para avaliar ou levar a cabo uma fus\u00e3o, desinvers\u00e3o, reestrutura\u00e7\u00e3o, reorganiza\u00e7\u00e3o, dissolu\u00e7\u00e3o ou outra venda ou transfer\u00eancia de alguns ou todos os Nossos activos, seja como empresa em funcionamento ou como parte de um procedimento de quiebra, liquida\u00e7\u00e3o ou similar, em que os Dados Pessoais que temos sobre os utilizadores do nosso Servi\u00e7o se encontrem entre os activos transferidos.<\/li>\n\n\n\n<li><strong>Para outros fins<\/strong>: Podemos utilizar a sua informa\u00e7\u00e3o para outros fins, como a an\u00e1lise de dados, a identifica\u00e7\u00e3o de tend\u00eancias de utiliza\u00e7\u00e3o, a determina\u00e7\u00e3o da efic\u00e1cia das nossas campanhas promocionais e para avaliar e melhorar o nosso Servi\u00e7o, produtos, servi\u00e7os, marketing e a sua experi\u00eancia.<\/li>\n<\/ul>\n\n<p>Podemos partilhar a tua informa\u00e7\u00e3o pessoal nas seguintes situa\u00e7\u00f5es:<\/p>\n\n<ul class=\"wp-block-list\">\n<li><strong>Con Proveedores de Servicios:<\/strong> Podemos partilhar as suas informa\u00e7\u00f5es pessoais com Fornecedores de Servi\u00e7os para controlar e analisar a utiliza\u00e7\u00e3o do nosso Servi\u00e7o, para entrarmos em contacto contigo.<\/li>\n\n\n\n<li><strong>Para transfer\u00eancias empresariais:<\/strong> Podemos partilhar ou transferir a Sua informa\u00e7\u00e3o pessoal em rela\u00e7\u00e3o a, ou durante as negocia\u00e7\u00f5es de, qualquer fus\u00e3o, venda de activos da Empresa, financiamento ou aquisi\u00e7\u00e3o de toda ou parte do Nosso neg\u00f3cio a outra empresa.<\/li>\n\n\n\n<li><strong>Com afiliados:<\/strong> Podemos partilhar as Tuas informa\u00e7\u00f5es com as Nossas filiais, caso em que exigimos a essas filiais que respeitem esta Pol\u00edtica de Privacidade. As filiais incluem a Nossa empresa m\u00e3e e quaisquer outras filiais, sociedades de empresas conjuntas ou outras empresas que N\u00f3s controlamos ou que est\u00e3o sob controlo comum connosco. <\/li>\n\n\n\n<li><strong>Com sociedades comerciais:<\/strong> Podemos partilhar as suas informa\u00e7\u00f5es com os nossos parceiros comerciais para lhe oferecer determinados produtos, servi\u00e7os ou promo\u00e7\u00f5es.<\/li>\n\n\n\n<li><strong>Com outros utilizadores:<\/strong> Quando compartilha informa\u00e7\u00f5es pessoais ou interage de outra forma nas \u00e1reas p\u00fablicas com outros utilizadores, essas informa\u00e7\u00f5es podem ser vistas por todos os utilizadores e podem ser distribu\u00eddas publicamente no exterior. Se interagir com outros utilizadores ou se registar atrav\u00e9s de um servi\u00e7o de redes sociais da Terceros, os seus contactos no servi\u00e7o de redes sociais da Terceros poder\u00e3o ver o seu nome, perfil, fotografias e descri\u00e7\u00e3o da sua atividade. Da mesma forma, outros utilizadores podem ver descri\u00e7\u00f5es da Tua atividade, comunicar contigo e ver o Teu perfil.  <\/li>\n\n\n\n<li><strong>Com o teu consentimento<\/strong>: Podemos revelar os seus dados pessoais para qualquer outro fim com o seu consentimento.<\/li>\n<\/ul>\n\n<h3 class=\"wp-block-heading\" id=\"retention-of-your-personal-data\">Conserva\u00e7\u00e3o dos seus dados pessoais<\/h3>\n\n<p>A Empresa conservar\u00e1 os seus Dados Pessoais apenas durante o tempo que for necess\u00e1rio para os fins estabelecidos nesta Pol\u00edtica de Privacidade. Conservaremos e utilizaremos os seus dados pessoais na medida do necess\u00e1rio para cumprir as nossas obriga\u00e7\u00f5es legais (por exemplo, se formos obrigados a conservar os seus dados para cumprir as leis aplic\u00e1veis), resolver disputas e cumprir os nossos acordos legais e pol\u00edticos. <\/p>\n\n<p>A Empresa tamb\u00e9m conservar\u00e1 os Dados de Utiliza\u00e7\u00e3o com fins de an\u00e1lise interna. Por lo general, los Datos de Uso se conservan durante un per\u00edodo de tiempo m\u00e1s corto, exceto cuando estos datos se utilizan para reforzar la seguridad o mejorar la funcionalidad de Nuestro Servicio, o estamos legalmente obligados a conservar estos datos durante per\u00edodos de tiempo m\u00e1s largos. <\/p>\n\n<h3 class=\"wp-block-heading\" id=\"transfer-of-your-personal-data\">Transfer\u00eancia dos seus dados pessoais<\/h3>\n\n<p>A sua informa\u00e7\u00e3o, incluindo os Dados Pessoais, \u00e9 processada nas oficinas operacionais da Empresa e em qualquer outro lugar onde se encontrem as partes envolvidas no processamento. Isto significa que esta informa\u00e7\u00e3o pode ser transferida para - e mantida em - ordenadores situados fora do Seu estado, prov\u00edncia, pa\u00eds ou outra jurisdi\u00e7\u00e3o governamental onde as leis de prote\u00e7\u00e3o de dados possam diferir das da Sua jurisdi\u00e7\u00e3o. <\/p>\n\n<p>O Seu consentimento a esta Pol\u00edtica de Privacidade seguido do Seu envio de tal informa\u00e7\u00e3o representa o Seu acordo com tal transfer\u00eancia.<\/p>\n\n<p>A Empresa tomar\u00e1 todas as medidas razoavelmente necess\u00e1rias para garantir que os seus dados sejam tratados de forma segura e de acordo com esta Pol\u00edtica de Privacidade, e n\u00e3o se realizar\u00e1 qualquer transfer\u00eancia dos seus Dados Pessoais para uma organiza\u00e7\u00e3o ou pa\u00eds a menos que existam controlos adequados que incluam a seguran\u00e7a dos seus dados e outra informa\u00e7\u00e3o pessoal.<\/p>\n\n<h3 class=\"wp-block-heading\" id=\"delete-your-personal-data\">Corrigir os seus dados pessoais<\/h3>\n\n<p>Tem o direito de eliminar ou de solicitar que lhe ajudemos a eliminar os Dados Pessoais que tenhamos recolhido sobre si.<\/p>\n\n<p>O nosso Servi\u00e7o pode oferecer-lhe a possibilidade de eliminar qualquer informa\u00e7\u00e3o sobre si dentro do Servi\u00e7o.<\/p>\n\n<p>Pode atualizar, modificar ou eliminar a Sua informa\u00e7\u00e3o em qualquer momento acedendo \u00e0 Sua Conta, se tiver uma, e visitando a sec\u00e7\u00e3o de configura\u00e7\u00e3o da conta que lhe permite gerir a Sua informa\u00e7\u00e3o pessoal. Tamb\u00e9m pode entrar em contacto connosco para solicitar acesso, corrigir ou eliminar qualquer informa\u00e7\u00e3o pessoal que nos tenha sido fornecida. <\/p>\n\n<p>No entanto, \u00e9 preciso ter em conta que podemos necessitar de conservar esta informa\u00e7\u00e3o quando temos uma obriga\u00e7\u00e3o legal ou uma base jur\u00eddica para o fazer.<\/p>\n\n<h3 class=\"wp-block-heading\" id=\"disclosure-of-your-personal-data\">Divulga\u00e7\u00e3o dos seus dados pessoais<\/h3>\n\n<h4 class=\"wp-block-heading\" id=\"business-transactions\">Opera\u00e7\u00f5es comerciais<\/h4>\n\n<p>Se a Empresa participar numa fus\u00e3o, aquisi\u00e7\u00e3o ou venda de activos, os seus dados pessoais poder\u00e3o ser transferidos. Avisaremos antes de que os seus dados pessoais sejam transferidos e passem a estar sujeitos a uma Pol\u00edtica de Privacidade diferente. <\/p>\n\n<h4 class=\"wp-block-heading\" id=\"law-enforcement\">Aplica\u00e7\u00e3o da lei<\/h4>\n\n<p>Em determinadas circunst\u00e2ncias, a Empresa pode ser obrigada a revelar os seus Dados Pessoais se assim o exigir a lei ou em resposta a pedidos v\u00e1lidos de autoridades p\u00fablicas (por exemplo, um tribunal ou uma ag\u00eancia governamental).<\/p>\n\n<h4 class=\"wp-block-heading\" id=\"other-legal-requirements\">Outros requisitos legais<\/h4>\n\n<p>A Empresa pode revelar os seus dados pessoais se acreditar de boa f\u00e9 que essa a\u00e7\u00e3o \u00e9 necess\u00e1ria para:<\/p>\n\n<ul class=\"wp-block-list\">\n<li>Cumprir uma obriga\u00e7\u00e3o legal<\/li>\n\n\n\n<li>Proteger e defender os direitos ou a propriedade da Empresa<\/li>\n\n\n\n<li>Prevenir ou investigar eventuais irregularidades relacionadas com o servi\u00e7o<\/li>\n\n\n\n<li>Proteger a seguran\u00e7a pessoal dos utilizadores do servi\u00e7o ou do p\u00fablico<\/li>\n\n\n\n<li>Prote\u00e7\u00e3o contra a responsabilidade jur\u00eddica<\/li>\n<\/ul>\n\n<h3 class=\"wp-block-heading\" id=\"security-of-your-personal-data\">Seguran\u00e7a dos seus dados pessoais<\/h3>\n\n<p>A seguran\u00e7a dos seus dados pessoais \u00e9 importante para n\u00f3s, mas lembre-se que nenhum m\u00e9todo de transmiss\u00e3o atrav\u00e9s da Internet, ou m\u00e9todo de armazenamento eletr\u00f3nico \u00e9 seguro. Embora nos esforcemos por utilizar meios comercialmente aceit\u00e1veis para proteger os seus Dados Pessoais, n\u00e3o podemos garantir a sua seguran\u00e7a absoluta. <\/p>\n\n<h2 class=\"wp-block-heading\" id=\"children-s-privacy\">Privacidade infantil<\/h2>\n\n<p>O nosso Servi\u00e7o n\u00e3o se dirige a menores de 13 anos. N\u00e3o recopilamos conscientemente informa\u00e7\u00f5es pessoais identific\u00e1veis de nenhuma pessoa menor de 13 anos. Se \u00e9 pai ou tutor e tem conhecimento de que o seu filho nos forneceu Dados Pessoais, contacte-nos. Se tivermos conhecimento de que recopil\u00e1mos Dados Pessoais de qualquer pessoa menor de 13 anos sem verificar o consentimento do pai, tomaremos medidas para eliminar essa informa\u00e7\u00e3o dos Nossos servidores.   <\/p>\n\n<p>Se precisarmos de nos basear no consentimento como base legal para processar as suas informa\u00e7\u00f5es e o seu pa\u00eds exigir o consentimento de um dos seus pais, podemos exigir o consentimento dos seus pais antes de recolher e utilizar essas informa\u00e7\u00f5es.<\/p>\n\n<h2 class=\"wp-block-heading\" id=\"links-to-other-websites\">Links para outros sites da web<\/h2>\n\n<p>O nosso Servi\u00e7o pode conter links para outros s\u00edtios Web que n\u00e3o s\u00e3o operados por n\u00f3s. Se clicar num link de terceiros, ser\u00e1 direcionado para o site desse terceiro. Recomendamos encarecidamente que reveja a Pol\u00edtica de Privacidade de cada s\u00edtio que visita.  <\/p>\n\n<p>N\u00e3o temos qualquer controlo nem assumimos qualquer responsabilidade pelo conte\u00fado, pelas pol\u00edticas de privacidade ou pelas pr\u00e1ticas dos sites ou servi\u00e7os de terceiros.<\/p>\n\n<h2 class=\"wp-block-heading\" id=\"changes-to-this-privacy-policy\">Altera\u00e7\u00f5es nesta Pol\u00edtica de Privacidade<\/h2>\n\n<p>Podemos atualizar a nossa Pol\u00edtica de Privacidade de vez em quando. Notificaremos qualquer altera\u00e7\u00e3o publicando a nova Pol\u00edtica de Privacidade nesta p\u00e1gina. <\/p>\n\n<p>Ser-lhe-\u00e1 dado a conhecer por correio eletr\u00f3nico e\/ou atrav\u00e9s de um aviso destacado no nosso servi\u00e7o, antes de a altera\u00e7\u00e3o entrar em vigor, e actualizaremos a data da \"\u00daltima atualiza\u00e7\u00e3o\" na parte superior desta pol\u00edtica de privacidade.<\/p>\n\n<p>Aconselhamos que reveja periodicamente esta Pol\u00edtica de Privacidade para verificar se foi efectuada alguma altera\u00e7\u00e3o. As altera\u00e7\u00f5es a esta Pol\u00edtica de Privacidade entrar\u00e3o em vigor quando forem publicadas nesta p\u00e1gina. <\/p>\n\n<h2 class=\"wp-block-heading\" id=\"contact-us\">Contacto connosco<\/h2>\n\n<p>Se tiver alguma d\u00favida sobre esta Pol\u00edtica de Privacidade, pode entrar em contacto connosco:<\/p>\n\n<ul class=\"wp-block-list\">\n<li>Por correio eletr\u00f3nico: [office@mycompany .com]<\/li>\n\n\n\n<li>Visitando esta p\u00e1gina do nosso s\u00edtio web: http:\/\/www.mycompany.com\/contact-us<\/li>\n\n\n\n<li>Por tel\u00e9fono: 19988889999<\/li>\n\n\n\n<li>Por correio eletr\u00f3nico:  [Seu endere\u00e7o]<\/li>\n<\/ul>","protected":false},"excerpt":{"rendered":"<p>\u00daltima actualizaci\u00f3n: 09 de enero de 2024 \u8bf7\u6839\u636e\u81ea\u5df1\u7684\u9700\u8981\u4fee\u6539\u5185\u5bb9 Esta Pol\u00edtica de Privacidad describe Nuestras pol\u00edticas y procedimientos sobre la recogida, uso y divulgaci\u00f3n de Tu informaci\u00f3n cuando utilizas el Servicio y te informa sobre Tus derechos de privacidad y c\u00f3mo te protege la ley. Utilizamos Tus datos personales para proporcionar y mejorar el Servicio. Al [&hellip;]<\/p>","protected":false},"author":1,"featured_media":0,"parent":0,"menu_order":0,"comment_status":"closed","ping_status":"closed","template":"","meta":{"_acf_changed":false,"_gspb_post_css":"","footnotes":""},"class_list":["post-9266","page","type-page","status-publish","hentry"],"blocksy_meta":{"page_structure_type":"type-3","styles_descriptor":{"styles":{"desktop":"","tablet":"","mobile":""},"google_fonts":[],"version":6}},"yoast_head":"<!-- This site is optimized with the Yoast SEO Premium plugin v23.8 (Yoast SEO v25.0) - https:\/\/yoast.com\/wordpress\/plugins\/seo\/ -->\n<title>Pol\u00edtica de privacidad - Smart Glass Film<\/title>\n<meta name=\"robots\" content=\"index, follow, max-snippet:-1, max-image-preview:large, max-video-preview:-1\" \/>\n<link rel=\"canonical\" href=\"https:\/\/smartglass-film.com\/pt\/politica-de-privacidade-2\/\" \/>\n<meta property=\"og:locale\" content=\"pt_PT\" \/>\n<meta property=\"og:type\" content=\"article\" \/>\n<meta property=\"og:title\" content=\"Pol\u00edtica de privacidad\" \/>\n<meta property=\"og:description\" content=\"\u00daltima actualizaci\u00f3n: 09 de enero de 2024 \u8bf7\u6839\u636e\u81ea\u5df1\u7684\u9700\u8981\u4fee\u6539\u5185\u5bb9 Esta Pol\u00edtica de Privacidad describe Nuestras pol\u00edticas y procedimientos sobre la recogida, uso y divulgaci\u00f3n de Tu informaci\u00f3n cuando utilizas el Servicio y te informa sobre Tus derechos de privacidad y c\u00f3mo te protege la ley. Utilizamos Tus datos personales para proporcionar y mejorar el Servicio. Al [&hellip;]\" \/>\n<meta property=\"og:url\" content=\"https:\/\/smartglass-film.com\/pt\/politica-de-privacidade-2\/\" \/>\n<meta property=\"og:site_name\" content=\"Smart Glass Film\" \/>\n<meta property=\"article:publisher\" content=\"https:\/\/www.facebook.com\/share\/1Am1Y36xhV\/?mibextid=LQQJ4d\" \/>\n<meta property=\"article:modified_time\" content=\"2024-11-23T11:36:30+00:00\" \/>\n<meta name=\"twitter:card\" content=\"summary_large_image\" \/>\n<meta name=\"twitter:site\" content=\"@smartglassfilm_\" \/>\n<meta name=\"twitter:label1\" content=\"Tempo estimado de leitura\" \/>\n\t<meta name=\"twitter:data1\" content=\"15 minutos\" \/>\n<script type=\"application\/ld+json\" class=\"yoast-schema-graph\">{\"@context\":\"https:\/\/schema.org\",\"@graph\":[{\"@type\":\"WebPage\",\"@id\":\"https:\/\/smartglass-film.com\/ar\/%d8%b3%d9%8a%d8%a7%d8%b3%d8%a9-%d8%a7%d9%84%d8%ae%d8%b5%d9%88%d8%b5%d9%8a%d8%a9-3\/\",\"url\":\"https:\/\/smartglass-film.com\/ar\/%d8%b3%d9%8a%d8%a7%d8%b3%d8%a9-%d8%a7%d9%84%d8%ae%d8%b5%d9%88%d8%b5%d9%8a%d8%a9-3\/\",\"name\":\"Pol\u00edtica de privacidad - Smart Glass Film\",\"isPartOf\":{\"@id\":\"https:\/\/smartglass-film.com\/pt\/#website\"},\"datePublished\":\"2024-01-08T19:30:32+00:00\",\"dateModified\":\"2024-11-23T11:36:30+00:00\",\"breadcrumb\":{\"@id\":\"https:\/\/smartglass-film.com\/ar\/%d8%b3%d9%8a%d8%a7%d8%b3%d8%a9-%d8%a7%d9%84%d8%ae%d8%b5%d9%88%d8%b5%d9%8a%d8%a9-3\/#breadcrumb\"},\"inLanguage\":\"pt-PT\",\"potentialAction\":[{\"@type\":\"ReadAction\",\"target\":[\"https:\/\/smartglass-film.com\/ar\/%d8%b3%d9%8a%d8%a7%d8%b3%d8%a9-%d8%a7%d9%84%d8%ae%d8%b5%d9%88%d8%b5%d9%8a%d8%a9-3\/\"]}]},{\"@type\":\"BreadcrumbList\",\"@id\":\"https:\/\/smartglass-film.com\/ar\/%d8%b3%d9%8a%d8%a7%d8%b3%d8%a9-%d8%a7%d9%84%d8%ae%d8%b5%d9%88%d8%b5%d9%8a%d8%a9-3\/#breadcrumb\",\"itemListElement\":[{\"@type\":\"ListItem\",\"position\":1,\"name\":\"\u9996\u9875\",\"item\":\"https:\/\/smartglass-film.com\/\"},{\"@type\":\"ListItem\",\"position\":2,\"name\":\"Pol\u00edtica de privacidad\"}]},{\"@type\":\"WebSite\",\"@id\":\"https:\/\/smartglass-film.com\/pt\/#website\",\"url\":\"https:\/\/smartglass-film.com\/pt\/\",\"name\":\"Smart Glass Film\",\"description\":\"B2B Smart Film\/Smart Glass Manufacturer\",\"publisher\":{\"@id\":\"https:\/\/smartglass-film.com\/pt\/#organization\"},\"potentialAction\":[{\"@type\":\"SearchAction\",\"target\":{\"@type\":\"EntryPoint\",\"urlTemplate\":\"https:\/\/smartglass-film.com\/pt\/?s={search_term_string}\"},\"query-input\":{\"@type\":\"PropertyValueSpecification\",\"valueRequired\":true,\"valueName\":\"search_term_string\"}}],\"inLanguage\":\"pt-PT\"},{\"@type\":\"Organization\",\"@id\":\"https:\/\/smartglass-film.com\/pt\/#organization\",\"name\":\"Smart Glass Film\",\"url\":\"https:\/\/smartglass-film.com\/pt\/\",\"logo\":{\"@type\":\"ImageObject\",\"inLanguage\":\"pt-PT\",\"@id\":\"https:\/\/smartglass-film.com\/pt\/#\/schema\/logo\/image\/\",\"url\":\"https:\/\/smartglass-film.com\/wp-content\/uploads\/2024\/11\/\u767d\u8272\u6216\u6d45\u8272\u80cc\u666fLOGO1-6.png\",\"contentUrl\":\"https:\/\/smartglass-film.com\/wp-content\/uploads\/2024\/11\/\u767d\u8272\u6216\u6d45\u8272\u80cc\u666fLOGO1-6.png\",\"width\":1178,\"height\":113,\"caption\":\"Smart Glass Film\"},\"image\":{\"@id\":\"https:\/\/smartglass-film.com\/pt\/#\/schema\/logo\/image\/\"},\"sameAs\":[\"https:\/\/www.facebook.com\/share\/1Am1Y36xhV\/?mibextid=LQQJ4d\",\"https:\/\/x.com\/smartglassfilm_\",\"https:\/\/www.instagram.com\/smartglassfilm_pdlc\/profilecard\/?igsh=bjlzdjNwazN0djIz\",\"https:\/\/youtube.com\/@smartglassfilm-pdlc?si=tjiMpDZJMPb-mjQG\",\"https:\/\/www.tiktok.com\/@smartglassfilm_sgf\"]}]}<\/script>\n<!-- \/ Yoast SEO Premium plugin. -->","yoast_head_json":{"title":"Pol\u00edtica de privacidad - Smart Glass Film","robots":{"index":"index","follow":"follow","max-snippet":"max-snippet:-1","max-image-preview":"max-image-preview:large","max-video-preview":"max-video-preview:-1"},"canonical":"https:\/\/smartglass-film.com\/pt\/politica-de-privacidade-2\/","og_locale":"pt_PT","og_type":"article","og_title":"Pol\u00edtica de privacidad","og_description":"\u00daltima actualizaci\u00f3n: 09 de enero de 2024 \u8bf7\u6839\u636e\u81ea\u5df1\u7684\u9700\u8981\u4fee\u6539\u5185\u5bb9 Esta Pol\u00edtica de Privacidad describe Nuestras pol\u00edticas y procedimientos sobre la recogida, uso y divulgaci\u00f3n de Tu informaci\u00f3n cuando utilizas el Servicio y te informa sobre Tus derechos de privacidad y c\u00f3mo te protege la ley. Utilizamos Tus datos personales para proporcionar y mejorar el Servicio. Al [&hellip;]","og_url":"https:\/\/smartglass-film.com\/pt\/politica-de-privacidade-2\/","og_site_name":"Smart Glass Film","article_publisher":"https:\/\/www.facebook.com\/share\/1Am1Y36xhV\/?mibextid=LQQJ4d","article_modified_time":"2024-11-23T11:36:30+00:00","twitter_card":"summary_large_image","twitter_site":"@smartglassfilm_","twitter_misc":{"Tempo estimado de leitura":"15 minutos"},"schema":{"@context":"https:\/\/schema.org","@graph":[{"@type":"WebPage","@id":"https:\/\/smartglass-film.com\/ar\/%d8%b3%d9%8a%d8%a7%d8%b3%d8%a9-%d8%a7%d9%84%d8%ae%d8%b5%d9%88%d8%b5%d9%8a%d8%a9-3\/","url":"https:\/\/smartglass-film.com\/ar\/%d8%b3%d9%8a%d8%a7%d8%b3%d8%a9-%d8%a7%d9%84%d8%ae%d8%b5%d9%88%d8%b5%d9%8a%d8%a9-3\/","name":"Pol\u00edtica de privacidad - Smart Glass Film","isPartOf":{"@id":"https:\/\/smartglass-film.com\/pt\/#website"},"datePublished":"2024-01-08T19:30:32+00:00","dateModified":"2024-11-23T11:36:30+00:00","breadcrumb":{"@id":"https:\/\/smartglass-film.com\/ar\/%d8%b3%d9%8a%d8%a7%d8%b3%d8%a9-%d8%a7%d9%84%d8%ae%d8%b5%d9%88%d8%b5%d9%8a%d8%a9-3\/#breadcrumb"},"inLanguage":"pt-PT","potentialAction":[{"@type":"ReadAction","target":["https:\/\/smartglass-film.com\/ar\/%d8%b3%d9%8a%d8%a7%d8%b3%d8%a9-%d8%a7%d9%84%d8%ae%d8%b5%d9%88%d8%b5%d9%8a%d8%a9-3\/"]}]},{"@type":"BreadcrumbList","@id":"https:\/\/smartglass-film.com\/ar\/%d8%b3%d9%8a%d8%a7%d8%b3%d8%a9-%d8%a7%d9%84%d8%ae%d8%b5%d9%88%d8%b5%d9%8a%d8%a9-3\/#breadcrumb","itemListElement":[{"@type":"ListItem","position":1,"name":"\u9996\u9875","item":"https:\/\/smartglass-film.com\/"},{"@type":"ListItem","position":2,"name":"Pol\u00edtica de privacidad"}]},{"@type":"WebSite","@id":"https:\/\/smartglass-film.com\/pt\/#website","url":"https:\/\/smartglass-film.com\/pt\/","name":"Smart Glass Film","description":"B2B Smart Film\/Smart Glass Manufacturer","publisher":{"@id":"https:\/\/smartglass-film.com\/pt\/#organization"},"potentialAction":[{"@type":"SearchAction","target":{"@type":"EntryPoint","urlTemplate":"https:\/\/smartglass-film.com\/pt\/?s={search_term_string}"},"query-input":{"@type":"PropertyValueSpecification","valueRequired":true,"valueName":"search_term_string"}}],"inLanguage":"pt-PT"},{"@type":"Organization","@id":"https:\/\/smartglass-film.com\/pt\/#organization","name":"Smart Glass Film","url":"https:\/\/smartglass-film.com\/pt\/","logo":{"@type":"ImageObject","inLanguage":"pt-PT","@id":"https:\/\/smartglass-film.com\/pt\/#\/schema\/logo\/image\/","url":"https:\/\/smartglass-film.com\/wp-content\/uploads\/2024\/11\/\u767d\u8272\u6216\u6d45\u8272\u80cc\u666fLOGO1-6.png","contentUrl":"https:\/\/smartglass-film.com\/wp-content\/uploads\/2024\/11\/\u767d\u8272\u6216\u6d45\u8272\u80cc\u666fLOGO1-6.png","width":1178,"height":113,"caption":"Smart Glass Film"},"image":{"@id":"https:\/\/smartglass-film.com\/pt\/#\/schema\/logo\/image\/"},"sameAs":["https:\/\/www.facebook.com\/share\/1Am1Y36xhV\/?mibextid=LQQJ4d","https:\/\/x.com\/smartglassfilm_","https:\/\/www.instagram.com\/smartglassfilm_pdlc\/profilecard\/?igsh=bjlzdjNwazN0djIz","https:\/\/youtube.com\/@smartglassfilm-pdlc?si=tjiMpDZJMPb-mjQG","https:\/\/www.tiktok.com\/@smartglassfilm_sgf"]}]}},"acf":[],"_links":{"self":[{"href":"https:\/\/smartglass-film.com\/pt\/wp-json\/wp\/v2\/pages\/9266","targetHints":{"allow":["GET"]}}],"collection":[{"href":"https:\/\/smartglass-film.com\/pt\/wp-json\/wp\/v2\/pages"}],"about":[{"href":"https:\/\/smartglass-film.com\/pt\/wp-json\/wp\/v2\/types\/page"}],"author":[{"embeddable":true,"href":"https:\/\/smartglass-film.com\/pt\/wp-json\/wp\/v2\/users\/1"}],"replies":[{"embeddable":true,"href":"https:\/\/smartglass-film.com\/pt\/wp-json\/wp\/v2\/comments?post=9266"}],"version-history":[{"count":0,"href":"https:\/\/smartglass-film.com\/pt\/wp-json\/wp\/v2\/pages\/9266\/revisions"}],"wp:attachment":[{"href":"https:\/\/smartglass-film.com\/pt\/wp-json\/wp\/v2\/media?parent=9266"}],"curies":[{"name":"wp","href":"https:\/\/api.w.org\/{rel}","templated":true}]}}