{"id":9266,"date":"2024-01-08T15:30:32","date_gmt":"2024-01-08T19:30:32","guid":{"rendered":"http:\/\/smartglass-film.com\/politica-de-privacidad\/"},"modified":"2024-11-23T07:36:30","modified_gmt":"2024-11-23T11:36:30","slug":"politique-de-confidentialite-2","status":"publish","type":"page","link":"https:\/\/smartglass-film.com\/fr\/politique-de-confidentialite-2\/","title":{"rendered":"Politique de confidentialit\u00e9"},"content":{"rendered":"<p>Derni\u00e8re mise \u00e0 jour : 09 d\u00e9cembre 2024<\/p>\n\n<p>\u8bf7\u6839\u636e\u81ea\u5df1\u7684\u9700\u8981\u4fee\u6539\u5185\u5bb9<\/p>\n\n<p>Cette politique de confidentialit\u00e9 d\u00e9crit nos politiques et proc\u00e9dures concernant la collecte, l'utilisation et la divulgation de vos informations lors de l'utilisation du service et vous informe sur vos droits en mati\u00e8re de confidentialit\u00e9 et sur la mani\u00e8re dont vous prot\u00e9gez la loi.<\/p>\n\n<p>Nous utilisons vos donn\u00e9es personnelles pour fournir et am\u00e9liorer le service. En utilisant le service, vous acceptez la collecte et l'utilisation des informations conform\u00e9ment \u00e0 cette politique de confidentialit\u00e9.   <\/p>\n\n<h2 class=\"wp-block-heading\" id=\"interpretation-and-definitions\">Interpr\u00e9tation et d\u00e9finitions<\/h2>\n\n<h3 class=\"wp-block-heading\" id=\"interpretation\">Interpr\u00e9tation<\/h3>\n\n<p>Les mots dont la lettre initiale est en may\u00fascula ont des significations d\u00e9finies dans les conditions suivantes. Les d\u00e9finitions suivantes ont le m\u00eame sens, qu'elles soient au singulier ou au pluriel. <\/p>\n\n<h3 class=\"wp-block-heading\" id=\"definitions\">D\u00e9finitions<\/h3>\n\n<p>A efectos de la presente Pol\u00edtica de Privacidad :<\/p>\n\n<ul class=\"wp-block-list\">\n<li><strong>Cuenta<\/strong> signifie une caisse unique cr\u00e9\u00e9e pour que vous puissiez acc\u00e9der \u00e0 notre service ou \u00e0 des parties de notre service.<\/li>\n\n\n\n<li><strong>Afiliada<\/strong> significa una entidad que controla, es controlada por o est\u00e1 bajo control com\u00fan con una parte, donde \"control\" significa la propiedad del 50% o m\u00e1s de las acciones, participaciones u otros valores con derecho a voto para la elecci\u00f3n de directores u otra autoridad de gesti\u00f3n.<\/li>\n\n\n\n<li><strong>Emploi<\/strong> (denominada \"la Empresa\", \"Nosotros\", \"Nos\" o \"Nuestro\" en el presente Acuerdo) se refiere a [My Company LLC], [Address of the business].<\/li>\n\n\n\n<li><strong>Las cookies<\/strong> sont de petites archives qu'un site web place sur ton ordinateur, ton appareil mobile ou tout autre appareil et qui contiennent, entre autres, les donn\u00e9es de ton historique de navigation sur ce site web.<\/li>\n\n\n\n<li>El <strong>pa\u00eds<\/strong> se r\u00e9f\u00e8re \u00e0 : Chine<\/li>\n\n\n\n<li><strong>Dispositivo<\/strong> signifie tout appareil pouvant acc\u00e9der au service, comme un ordinateur, un t\u00e9l\u00e9phone mobile ou une tablette num\u00e9rique.<\/li>\n\n\n\n<li>Los <strong>Donn\u00e9es personnelles<\/strong> son cualquier informaci\u00f3n relativa a una persona f\u00edsica identificada o identificable.<\/li>\n\n\n\n<li><strong>Servicio<\/strong> se refiere al Sitio Web.<\/li>\n\n\n\n<li><strong>Fournisseur de services<\/strong> se r\u00e9f\u00e8re \u00e0 toute personne physique ou morale qui traite les donn\u00e9es au nom de l'Entreprise. Il s'agit d'entreprises tierces ou de personnes engag\u00e9es par l'Entreprise pour faciliter le Service, fournir le Service au nom de l'Entreprise, r\u00e9aliser des services li\u00e9s au Service ou aider l'Entreprise \u00e0 analyser la fa\u00e7on dont elle utilise le Service. <\/li>\n\n\n\n<li><strong>Service des r\u00e9seaux sociaux des tiers<\/strong> se r\u00e9f\u00e8re \u00e0 tout site web ou tout site web de r\u00e9seaux sociaux \u00e0 travers lequel un Utilisateur peut commencer une session ou cr\u00e9er une compte pour utiliser le Service.<\/li>\n\n\n\n<li>Los <strong>Donn\u00e9es d'utilisation<\/strong> se r\u00e9f\u00e8rent aux donn\u00e9es recueillies automatiquement, qu'elles soient g\u00e9n\u00e9r\u00e9es par l'utilisation du service ou par l'infrastructure propre du service (par exemple, la dur\u00e9e de la visite d'une page).<\/li>\n\n\n\n<li><strong>La page web<\/strong> fait r\u00e9f\u00e9rence \u00e0 [Mon site web], accessible depuis https:\/\/www.mywebsite.com<\/li>\n\n\n\n<li><strong>T\u00fa<\/strong> significa el individuo que accede o utiliza el Servicio, o la empresa, u otra entidad legal en nombre de la cual dicho individuo accede o utiliza el Servicio, seg\u00fan corresponda.<\/li>\n<\/ul>\n\n<h2 class=\"wp-block-heading\" id=\"collecting-and-using-your-personal-data\">Recueil et utilisation de vos donn\u00e9es personnelles<\/h2>\n\n<h3 class=\"wp-block-heading\" id=\"types-of-data-collected\">Types de donn\u00e9es recueillies<\/h3>\n\n<h4 class=\"wp-block-heading\" id=\"personal-data\">Donn\u00e9es personnelles<\/h4>\n\n<p>En utilisant notre service, nous vous demandons de nous fournir des informations d'identification personnelle pr\u00e9cises qui pourraient \u00eatre utilis\u00e9es pour vous contacter ou vous identifier. Les informations d'identification personnelle peuvent inclure, sans s'y limiter, les \u00e9l\u00e9ments suivants : <\/p>\n\n<ul class=\"wp-block-list\">\n<li>Direction du courrier \u00e9lectronique<\/li>\n\n\n\n<li>Nom et pr\u00e9nom<\/li>\n\n\n\n<li>Num\u00e9ro de t\u00e9l\u00e9phone<\/li>\n\n\n\n<li>Direcci\u00f3n, Estado, Provincia, C\u00f3digo postal, Ciudad<\/li>\n\n\n\n<li>Donn\u00e9es d'utilisation<\/li>\n<\/ul>\n\n<h4 class=\"wp-block-heading\" id=\"usage-data\">Donn\u00e9es d'utilisation<\/h4>\n\n<p>Les donn\u00e9es d'utilisation sont automatiquement enregistr\u00e9es lors de l'utilisation du service.<\/p>\n\n<p>Les donn\u00e9es d'utilisation peuvent inclure des informations telles que la direction du protocole Internet de votre appareil (par exemple, la direction IP), le type de navigateur, la version du navigateur, les pages de notre service que vous visitez, l'heure et la date de votre visite, le temps que vous passez sur ces pages, les identificateurs uniques de votre appareil et d'autres donn\u00e9es de diagnostic.<\/p>\n\n<p>Lorsque vous acc\u00e9dez au service par le biais d'un appareil mobile, nous pouvons recueillir automatiquement certaines informations, y compris, entre autres, le type d'appareil mobile que vous utilisez, l'identificateur unique de votre appareil mobile, la direction IP de votre appareil mobile, votre syst\u00e8me d'exploitation mobile, le type de navigateur d'Internet que vous utilisez, les identificateurs de votre appareil mobile, etc, la direction IP de ton appareil, ton syst\u00e8me d'exploitation, le type de navigateur Internet que tu utilises, les identificateurs uniques de ton appareil et d'autres donn\u00e9es de diagnostic.<\/p>\n\n<p>Nous pouvons \u00e9galement recopier les informations envoy\u00e9es par votre navigateur chaque fois que vous visitez notre service ou lorsque vous acc\u00e9dez au service par le biais d'un dispositif mobile.<\/p>\n\n<h4 class=\"wp-block-heading\" id=\"information-from-third-party-social-media-services\">Informations sur les services de m\u00e9dias sociaux de Terceros<\/h4>\n\n<p>L'entreprise vous permet de cr\u00e9er un compte et d'initier une session pour utiliser le service par le biais des services de m\u00e9dias sociaux de Terceros :<\/p>\n\n<ul class=\"wp-block-list\">\n<li>Google<\/li>\n\n\n\n<li>Facebook<\/li>\n\n\n\n<li>Instagram<\/li>\n\n\n\n<li>Twitter<\/li>\n\n\n\n<li>LinkedIn<\/li>\n<\/ul>\n\n<p>Si vous d\u00e9cidez de vous inscrire par l'interm\u00e9diaire d'un service de m\u00e9dias sociaux de Terceros ou d'y acc\u00e9der de toute autre mani\u00e8re, nous pourrons recopier des donn\u00e9es personnelles qui sont d\u00e9j\u00e0 associ\u00e9es \u00e0 votre compte du service de m\u00e9dias sociaux de Terceros, telles que votre nombre, votre adresse de courrier \u00e9lectronique, vos activit\u00e9s ou votre liste de contacts associ\u00e9s \u00e0 ce compte.<\/p>\n\n<p>Vous pouvez \u00e9galement choisir de communiquer des informations suppl\u00e9mentaires \u00e0 l'employeur par l'interm\u00e9diaire de la page d'accueil de votre service de m\u00e9dias sociaux de Terceros. Si vous d\u00e9cidez de fournir ces informations et donn\u00e9es personnelles, lors de l'inscription ou d'une autre mani\u00e8re, vous autorisez l'employeur \u00e0 les utiliser, \u00e0 les partager et \u00e0 les conserver d'une mani\u00e8re conforme \u00e0 cette politique de confidentialit\u00e9. <\/p>\n\n<h4 class=\"wp-block-heading\" id=\"tracking-technologies-and-cookies\">Technologies de suivi et cookies<\/h4>\n\n<p>Nous utilisons des cookies et des technologies de suivi similaires pour enregistrer les activit\u00e9s sur notre site et conserver certaines informations. Les technologies de collecte utilis\u00e9es sont des balise, des \u00e9tiquettes et des scripts permettant de recopier et de collecter des informations et d'am\u00e9liorer et d'analyser notre service. Les technologies que nous utilisons peuvent inclure :  <\/p>\n\n<ul class=\"wp-block-list\">\n<li><strong>Cookies o Cookies del Navegador.<\/strong>  Un cookie est un petit fichier d'archive qui se trouve sur ton appareil. Vous pouvez indiquer \u00e0 votre navigateur de refuser tous les cookies ou d'indiquer quand un cookie est envoy\u00e9. Toutefois, si vous n'acceptez pas les cookies, il est possible que vous ne puissiez pas utiliser certaines parties de notre service. \u00c0 moins que vous n'ayez ajust\u00e9 la configuration de votre navigateur pour qu'il rejette les cookies, notre service peut utiliser des cookies.   <\/li>\n\n\n\n<li><strong>Balizas Web.<\/strong>  Certaines sections de notre service et nos courriers \u00e9lectroniques peuvent contenir de petites archives \u00e9lectroniques appel\u00e9es balises web (appel\u00e9es aussi pixels invisibles, pixel tags et single-pixel gifs) qui permettent \u00e0 l'entreprise, par exemple, de contacter les utilisateurs qui ont visit\u00e9 ces pages ou d'envoyer un courrier \u00e9lectronique et d'effectuer d'autres analyses li\u00e9es au site web (par exemple, enregistrer la popularit\u00e9 d'une section d\u00e9termin\u00e9e et v\u00e9rifier l'int\u00e9grit\u00e9 du syst\u00e8me et du serveur).<\/li>\n<\/ul>\n\n<p>Les cookies peuvent \u00eatre \"persistants\" ou \"de session\". Les cookies persistants restent sur votre ordinateur personnel ou votre appareil mobile apr\u00e8s votre d\u00e9part, tandis que les cookies de session sont \u00e9limin\u00e9s au fur et \u00e0 mesure de l'utilisation du navigateur web.   <\/p>\n\n<p>Nous utilisons aussi bien des cookies de session que des cookies persistants aux fins indiqu\u00e9es ci-apr\u00e8s :<\/p>\n\n<ul class=\"wp-block-list\">\n<li><strong>Cookies n\u00e9cessaires \/ indispensablesTipo<\/strong>: Cookies de Sesi\u00f3nAdministradas por : NosotrosFinalidad : Estas Cookies son esenciales para proporcionarte los servicios disponibles a trav\u00e9s del Sitio Web y para permitirte utilizar algunas de sus funciones. Ils permettent d'identifier les utilisateurs et d'\u00e9viter l'utilisation frauduleuse des donn\u00e9es des utilisateurs. Sans ces cookies, il n'est pas possible de fournir les services demand\u00e9s, et nous utilisons uniquement ces cookies pour fournir ces services.  <\/li>\n\n\n\n<li><strong>Politique en mati\u00e8re de cookies \/ Avis d'acceptation des cookiesTipo<\/strong>: Cookies persistantsAdministradas por : NosotrosFinalidad : Estas Cookies identifican si los usuarios han aceptado el uso de cookies en el Sitio Web.<\/li>\n\n\n\n<li><strong>Funcionalidad CookiesTipo<\/strong>: Cookies persistantsAdministradas por : NosotrosFinalidad : Ces cookies nous permettent d'enregistrer les choix effectu\u00e9s lors de l'utilisation du site Web, comme l'enregistrement de vos donn\u00e9es d'entr\u00e9e en session ou de votre pr\u00e9f\u00e9rence en mati\u00e8re d'idiome. L'objectif de ces cookies est de vous offrir une exp\u00e9rience plus personnelle et d'\u00e9viter que vous n'ayez \u00e0 introduire vos pr\u00e9f\u00e9rences chaque fois que vous utilisez le site Web. <\/li>\n<\/ul>\n\n<p>Pour obtenir plus d'informations sur les cookies que nous utilisons et sur vos options en la mati\u00e8re, consultez notre Politique en mati\u00e8re de cookies ou la section Cookies de notre Politique de confidentialit\u00e9.<\/p>\n\n<h3 class=\"wp-block-heading\" id=\"use-of-your-personal-data\">Utilisation de vos donn\u00e9es personnelles<\/h3>\n\n<p>L'employeur peut utiliser les donn\u00e9es personnelles aux fins suivantes :<\/p>\n\n<ul class=\"wp-block-list\">\n<li><strong>Afin de fournir et de maintenir notre<\/strong> Servicio, incluido el control del uso de nuestro Servicio.<\/li>\n\n\n\n<li><strong>Pour g\u00e9rer votre compte :<\/strong> pour g\u00e9rer votre inscription en tant qu'utilisateur du service. Les donn\u00e9es personnelles que vous fournissez peuvent vous donner acc\u00e8s \u00e0 diff\u00e9rentes fonctions du service qui sont disponibles pour vous en tant qu'utilisateur enregistr\u00e9. <\/li>\n\n\n\n<li><strong>Para la ejecuci\u00f3n de un contrato :<\/strong> le d\u00e9veloppement, l'ex\u00e9cution et la r\u00e9alisation du contrat d'achat des produits, articles ou services que vous avez acquis ou de tout autre contrat conclu avec nous par l'interm\u00e9diaire du service.<\/li>\n\n\n\n<li><strong>Pour prendre contact avec nous :<\/strong> Pour prendre contact avec nous par courrier \u00e9lectronique, appel t\u00e9l\u00e9phonique, SMS ou toute autre forme \u00e9quivalente de communication \u00e9lectronique, comme les notifications pouss\u00e9es d'une application mobile concernant les mises \u00e0 jour ou les communications informatives li\u00e9es aux fonctionnalit\u00e9s, produits ou services contract\u00e9s, y compris les mises \u00e0 jour en mati\u00e8re de s\u00e9curit\u00e9, lorsque cela est n\u00e9cessaire ou raisonnable pour leur mise en \u0153uvre.<\/li>\n\n\n\n<li><strong>Pour vous fournir<\/strong> noticias, ofertas especiales e informaci\u00f3n general sobre otros bienes, servicios y eventos que ofrecemos y que son similares a los que ya a comprado o sobre los que a preguntado, a menos que hayas optado por no recibir dicha informaci\u00f3n.<\/li>\n\n\n\n<li><strong>G\u00e9rer nos demandes :<\/strong> Pour r\u00e9pondre et g\u00e9rer vos demandes aupr\u00e8s de nous.<\/li>\n\n\n\n<li><strong>Para transferencias empresariales :<\/strong> Nous pouvons utiliser ces informations pour \u00e9valuer ou mettre en \u0153uvre une fusion, une d\u00e9sinversion, une restructuration, une r\u00e9organisation, une dissolution ou toute autre vente ou transfert d'une partie ou de la totalit\u00e9 de nos activit\u00e9s, ya sea como empresa en funcionamiento o como parte de un procedimiento de quiebra, liquidaci\u00f3n o similar, en el que los Datos Personales que tenemos sobre los usuarios de nuestro Servicio se encuentren entre los activos transferidos.<\/li>\n\n\n\n<li><strong>Pour d'autres raisons<\/strong>: Nous pouvons utiliser vos informations \u00e0 d'autres fins, comme l'analyse des donn\u00e9es, l'identification des tendances d'utilisation, la d\u00e9termination de l'efficacit\u00e9 de nos campagnes promotionnelles et pour \u00e9valuer et am\u00e9liorer notre service, nos produits, nos services, notre marketing et votre exp\u00e9rience.<\/li>\n<\/ul>\n\n<p>Nous pouvons partager vos informations personnelles dans les situations suivantes :<\/p>\n\n<ul class=\"wp-block-list\">\n<li><strong>Con Proveedores de Servicios :<\/strong> Nous pouvons partager vos informations personnelles avec des fournisseurs de services afin de contr\u00f4ler et d'analyser l'utilisation de notre service et de vous mettre en contact avec nous.<\/li>\n\n\n\n<li><strong>Para transferencias empresariales :<\/strong> Nous pouvons partager ou transf\u00e9rer vos informations personnelles en relation avec, ou pendant les n\u00e9gociations de, toute fusion, vente d'activit\u00e9s de l'entreprise, financement ou acquisition de tout ou partie de notre entreprise \u00e0 une autre entreprise.<\/li>\n\n\n\n<li><strong>Con afiliados :<\/strong> Nous pouvons partager ces informations avec nos filiales, mais dans ce cas, nous exigeons d'elles qu'elles respectent cette politique de confidentialit\u00e9. Les filiales comprennent Notre entreprise m\u00e8re et toute autre filiale, soci\u00e9t\u00e9 de capitaux ou autre entreprise que Nous contr\u00f4lons ou qui est sous contr\u00f4le commun avec Nous. <\/li>\n\n\n\n<li><strong>Con socios comerciales :<\/strong> Nous pouvons partager vos informations avec nos partenaires commerciaux pour vous proposer certains produits, services ou promotions.<\/li>\n\n\n\n<li><strong>Avec d'autres utilisateurs :<\/strong> Si vous partagez des informations personnelles ou interagissez d'une autre mani\u00e8re dans les espaces publics avec d'autres utilisateurs, ces informations peuvent \u00eatre vues par tous les utilisateurs et peuvent \u00eatre distribu\u00e9es publiquement \u00e0 l'ext\u00e9rieur. Si vous interagissez avec d'autres utilisateurs ou si vous vous inscrivez par l'interm\u00e9diaire d'un service de m\u00e9dias sociaux de Terceros, vos contacts sur le service de m\u00e9dias sociaux de Terceros pourront voir votre nom, votre profil, vos photos et la description de votre activit\u00e9. De la m\u00eame mani\u00e8re, d'autres utilisateurs peuvent consulter les descriptions de vos activit\u00e9s, communiquer avec vous et voir votre profil.  <\/li>\n\n\n\n<li><strong>Avec ton consentement<\/strong>: Nous pouvons divulguer vos donn\u00e9es personnelles \u00e0 toute autre fin sans votre consentement.<\/li>\n<\/ul>\n\n<h3 class=\"wp-block-heading\" id=\"retention-of-your-personal-data\">Conservation de vos donn\u00e9es personnelles<\/h3>\n\n<p>L'Entreprise conservera vos donn\u00e9es personnelles uniquement pendant la dur\u00e9e n\u00e9cessaire \u00e0 la r\u00e9alisation des objectifs fix\u00e9s dans la pr\u00e9sente politique de confidentialit\u00e9. Nous conservons et utilisons nos donn\u00e9es personnelles dans la mesure n\u00e9cessaire pour remplir nos obligations l\u00e9gales (par exemple, si nous sommes oblig\u00e9s de conserver vos donn\u00e9es pour respecter les lois applicables), r\u00e9soudre les litiges et respecter nos accords l\u00e9gaux et politiques. <\/p>\n\n<p>L'Entreprise conserve \u00e9galement les donn\u00e9es d'utilisation \u00e0 des fins d'analyse interne. En r\u00e8gle g\u00e9n\u00e9rale, les donn\u00e9es d'utilisateur sont conserv\u00e9es pendant une p\u00e9riode plus courte, sauf lorsque ces donn\u00e9es sont utilis\u00e9es pour renforcer la s\u00e9curit\u00e9 ou am\u00e9liorer la fonctionnalit\u00e9 de notre service, ou lorsque nous sommes l\u00e9galement tenus de conserver ces donn\u00e9es pendant des p\u00e9riodes plus longues. <\/p>\n\n<h3 class=\"wp-block-heading\" id=\"transfer-of-your-personal-data\">Transfert de vos donn\u00e9es personnelles<\/h3>\n\n<p>Vos informations, y compris les donn\u00e9es personnelles, sont trait\u00e9es dans les bureaux de l'Entreprise et dans tout autre lieu o\u00f9 se trouvent les parties impliqu\u00e9es dans le traitement. Cela signifie que ces informations peuvent \u00eatre transf\u00e9r\u00e9es et conserv\u00e9es dans des serveurs situ\u00e9s en dehors de votre \u00c9tat, de votre province, de votre pays ou de toute autre juridiction gouvernementale o\u00f9 les lois sur la protection des donn\u00e9es peuvent diff\u00e9rer de celles de votre juridiction. <\/p>\n\n<p>Votre consentement \u00e0 cette politique de confidentialit\u00e9, suivi de l'envoi de ces informations, repr\u00e9sente votre acceptation de ce transfert.<\/p>\n\n<p>L'employeur prendra toutes les mesures raisonnablement n\u00e9cessaires pour garantir que vos donn\u00e9es soient trait\u00e9es de mani\u00e8re s\u00e9curis\u00e9e et conform\u00e9ment \u00e0 cette politique de confidentialit\u00e9, et aucun transfert de vos donn\u00e9es personnelles vers une organisation ou un pays ne sera effectu\u00e9 tant qu'il n'existera pas de contr\u00f4les ad\u00e9quats portant sur la s\u00e9curit\u00e9 de vos donn\u00e9es et autres informations personnelles.<\/p>\n\n<h3 class=\"wp-block-heading\" id=\"delete-your-personal-data\">Suppression des donn\u00e9es personnelles<\/h3>\n\n<p>Vous avez le droit d'\u00e9liminer ou de demander que nous \u00e9liminions les donn\u00e9es personnelles que nous avons recueillies sur vous.<\/p>\n\n<p>Notre service peut vous offrir la possibilit\u00e9 d'\u00e9liminer certaines informations sur vous dans le cadre du service.<\/p>\n\n<p>Vous pouvez actualiser, modifier ou supprimer vos informations \u00e0 tout moment en acc\u00e9dant \u00e0 votre compte, si vous en avez un, et en visitant la section de configuration du compte qui vous permet de g\u00e9rer vos informations personnelles. Vous pouvez \u00e9galement prendre contact avec nous pour demander l'acc\u00e8s, la rectification ou l'\u00e9limination de toute information personnelle que nous vous avons fournie. <\/p>\n\n<p>Toutefois, il convient de noter que nous devons conserver certaines informations lorsque nous avons une obligation l\u00e9gale ou une base juridique pour le faire.<\/p>\n\n<h3 class=\"wp-block-heading\" id=\"disclosure-of-your-personal-data\">Divulgation de vos donn\u00e9es personnelles<\/h3>\n\n<h4 class=\"wp-block-heading\" id=\"business-transactions\">Op\u00e9rations commerciales<\/h4>\n\n<p>Si l'Entreprise participe \u00e0 une fusion, une acquisition ou une vente d'actifs, vos donn\u00e9es personnelles peuvent \u00eatre transf\u00e9r\u00e9es. Nous vous informons avant que vos donn\u00e9es personnelles ne soient transf\u00e9r\u00e9es et qu'elles ne soient soumises \u00e0 une politique de confidentialit\u00e9 diff\u00e9rente. <\/p>\n\n<h4 class=\"wp-block-heading\" id=\"law-enforcement\">Application de la loi<\/h4>\n\n<p>En determinadas circunstancias, la Empresa puede verse obligada a revelar Tus Datos Personales si as\u00ed se lo exige la ley o en respuesta a solicitudes v\u00e1lidas de autoridades p\u00fablicas (por ejemplo, un tribunal o una agencia gubernamental).<\/p>\n\n<h4 class=\"wp-block-heading\" id=\"other-legal-requirements\">Autres exigences l\u00e9gales<\/h4>\n\n<p>L'employeur peut divulguer ses donn\u00e9es personnelles s'il estime que cette action est n\u00e9cessaire :<\/p>\n\n<ul class=\"wp-block-list\">\n<li>Remplir une obligation l\u00e9gale<\/li>\n\n\n\n<li>Prot\u00e9ger et d\u00e9fendre les droits ou la propri\u00e9t\u00e9 de l'entreprise<\/li>\n\n\n\n<li>Pr\u00e9venir ou enqu\u00eater sur d'\u00e9ventuelles irr\u00e9gularit\u00e9s en relation avec le service<\/li>\n\n\n\n<li>Prot\u00e9ger la s\u00e9curit\u00e9 personnelle des usagers du service et du public<\/li>\n\n\n\n<li>Prot\u00e9ger contre la responsabilit\u00e9 juridique<\/li>\n<\/ul>\n\n<h3 class=\"wp-block-heading\" id=\"security-of-your-personal-data\">S\u00e9curit\u00e9 des donn\u00e9es personnelles<\/h3>\n\n<p>La s\u00e9curit\u00e9 de vos donn\u00e9es personnelles est importante pour nous, mais rappelez-vous qu'aucune m\u00e9thode de transmission par Internet ou d'archivage \u00e9lectronique n'est s\u00fbre. Bien que nous nous efforcions d'utiliser des moyens commercialement acceptables pour prot\u00e9ger vos donn\u00e9es personnelles, nous ne pouvons pas garantir leur s\u00e9curit\u00e9 absolue. <\/p>\n\n<h2 class=\"wp-block-heading\" id=\"children-s-privacy\">Privacidad infantil<\/h2>\n\n<p>Notre service ne s'adresse pas aux mineurs de 13 ans. Nous ne recopions pas consciemment les informations personnelles identifiables de toute personne \u00e2g\u00e9e de moins de 13 ans. Si vous \u00eates p\u00e8re ou tuteur et que vous savez que votre enfant a fourni des donn\u00e9es personnelles, contactez-nous. Si nous savons que nous avons recueilli les donn\u00e9es personnelles d'une personne \u00e2g\u00e9e de moins de 13 ans sans avoir v\u00e9rifi\u00e9 le consentement du p\u00e8re, nous prendrons des mesures pour \u00e9liminer ces informations de nos services.   <\/p>\n\n<p>Si nous devons nous baser sur le consentement comme base juridique pour traiter vos informations et que votre pays exige le consentement de l'un de vos parents, nous pouvons demander le consentement de vos parents avant de recopier et d'utiliser ces informations.<\/p>\n\n<h2 class=\"wp-block-heading\" id=\"links-to-other-websites\">Liens vers d'autres sites web<\/h2>\n\n<p>Notre service peut contenir des liens vers d'autres sites web qui ne sont pas exploit\u00e9s par nous. Si vous cliquez sur un lien d'un tiers, vous serez dirig\u00e9 vers le site de ce tiers. Nous vous recommandons de lire attentivement la politique de confidentialit\u00e9 de chaque site que vous visitez.  <\/p>\n\n<p>Nous n'exer\u00e7ons aucun contr\u00f4le et n'assumons aucune responsabilit\u00e9 quant au contenu, aux politiques de confidentialit\u00e9 et aux pratiques des sites ou services de tiers.<\/p>\n\n<h2 class=\"wp-block-heading\" id=\"changes-to-this-privacy-policy\">Changements dans la politique de confidentialit\u00e9<\/h2>\n\n<p>Nous pouvons actualiser notre politique de confidentialit\u00e9 de temps en temps. Nous vous informerons de tout changement en publiant la nouvelle politique de confidentialit\u00e9 sur cette page. <\/p>\n\n<p>Nous vous en informerons par courrier \u00e9lectronique et\/ou par un avis publi\u00e9 dans notre service, avant que le changement n'entre en vigueur, et nous actualiserons la date de la \"derni\u00e8re mise \u00e0 jour\" dans la partie sup\u00e9rieure de cette politique de confidentialit\u00e9.<\/p>\n\n<p>Nous vous conseillons de r\u00e9viser p\u00e9riodiquement cette politique de confidentialit\u00e9 afin de v\u00e9rifier si elle a \u00e9t\u00e9 modifi\u00e9e. Les modifications apport\u00e9es \u00e0 cette politique de confidentialit\u00e9 entreront en vigueur d\u00e8s qu'elles seront publi\u00e9es sur cette page. <\/p>\n\n<h2 class=\"wp-block-heading\" id=\"contact-us\">Contacta con nosotros<\/h2>\n\n<p>Si vous avez des questions concernant cette politique de confidentialit\u00e9, vous pouvez nous contacter :<\/p>\n\n<ul class=\"wp-block-list\">\n<li>Par courrier \u00e9lectronique : [office@mycompany .com]<\/li>\n\n\n\n<li>Visitando esta p\u00e1gina de nuestro sitio web : http:\/\/www.mycompany.com\/contact-us<\/li>\n\n\n\n<li>Por tel\u00e9fono : 19988889999<\/li>\n\n\n\n<li>Por correo :  [Votre adresse]<\/li>\n<\/ul>","protected":false},"excerpt":{"rendered":"<p>\u00daltima actualizaci\u00f3n: 09 de enero de 2024 \u8bf7\u6839\u636e\u81ea\u5df1\u7684\u9700\u8981\u4fee\u6539\u5185\u5bb9 Esta Pol\u00edtica de Privacidad describe Nuestras pol\u00edticas y procedimientos sobre la recogida, uso y divulgaci\u00f3n de Tu informaci\u00f3n cuando utilizas el Servicio y te informa sobre Tus derechos de privacidad y c\u00f3mo te protege la ley. Utilizamos Tus datos personales para proporcionar y mejorar el Servicio. Al [&hellip;]<\/p>","protected":false},"author":1,"featured_media":0,"parent":0,"menu_order":0,"comment_status":"closed","ping_status":"closed","template":"","meta":{"_acf_changed":false,"_gspb_post_css":"","footnotes":""},"class_list":["post-9266","page","type-page","status-publish","hentry"],"blocksy_meta":{"page_structure_type":"type-3","styles_descriptor":{"styles":{"desktop":"","tablet":"","mobile":""},"google_fonts":[],"version":6}},"yoast_head":"<!-- This site is optimized with the Yoast SEO Premium plugin v23.8 (Yoast SEO v25.0) - https:\/\/yoast.com\/wordpress\/plugins\/seo\/ -->\n<title>Pol\u00edtica de privacidad - Smart Glass Film<\/title>\n<meta name=\"robots\" content=\"index, follow, max-snippet:-1, max-image-preview:large, max-video-preview:-1\" \/>\n<link rel=\"canonical\" href=\"https:\/\/smartglass-film.com\/fr\/politique-de-confidentialite-2\/\" \/>\n<meta property=\"og:locale\" content=\"fr_FR\" \/>\n<meta property=\"og:type\" content=\"article\" \/>\n<meta property=\"og:title\" content=\"Pol\u00edtica de privacidad\" \/>\n<meta property=\"og:description\" content=\"\u00daltima actualizaci\u00f3n: 09 de enero de 2024 \u8bf7\u6839\u636e\u81ea\u5df1\u7684\u9700\u8981\u4fee\u6539\u5185\u5bb9 Esta Pol\u00edtica de Privacidad describe Nuestras pol\u00edticas y procedimientos sobre la recogida, uso y divulgaci\u00f3n de Tu informaci\u00f3n cuando utilizas el Servicio y te informa sobre Tus derechos de privacidad y c\u00f3mo te protege la ley. Utilizamos Tus datos personales para proporcionar y mejorar el Servicio. Al [&hellip;]\" \/>\n<meta property=\"og:url\" content=\"https:\/\/smartglass-film.com\/fr\/politique-de-confidentialite-2\/\" \/>\n<meta property=\"og:site_name\" content=\"Smart Glass Film\" \/>\n<meta property=\"article:publisher\" content=\"https:\/\/www.facebook.com\/share\/1Am1Y36xhV\/?mibextid=LQQJ4d\" \/>\n<meta property=\"article:modified_time\" content=\"2024-11-23T11:36:30+00:00\" \/>\n<meta name=\"twitter:card\" content=\"summary_large_image\" \/>\n<meta name=\"twitter:site\" content=\"@smartglassfilm_\" \/>\n<meta name=\"twitter:label1\" content=\"Dur\u00e9e de lecture estim\u00e9e\" \/>\n\t<meta name=\"twitter:data1\" content=\"15 minutes\" \/>\n<script type=\"application\/ld+json\" class=\"yoast-schema-graph\">{\"@context\":\"https:\/\/schema.org\",\"@graph\":[{\"@type\":\"WebPage\",\"@id\":\"https:\/\/smartglass-film.com\/ar\/%d8%b3%d9%8a%d8%a7%d8%b3%d8%a9-%d8%a7%d9%84%d8%ae%d8%b5%d9%88%d8%b5%d9%8a%d8%a9-3\/\",\"url\":\"https:\/\/smartglass-film.com\/ar\/%d8%b3%d9%8a%d8%a7%d8%b3%d8%a9-%d8%a7%d9%84%d8%ae%d8%b5%d9%88%d8%b5%d9%8a%d8%a9-3\/\",\"name\":\"Pol\u00edtica de privacidad - Smart Glass Film\",\"isPartOf\":{\"@id\":\"https:\/\/smartglass-film.com\/pt\/#website\"},\"datePublished\":\"2024-01-08T19:30:32+00:00\",\"dateModified\":\"2024-11-23T11:36:30+00:00\",\"breadcrumb\":{\"@id\":\"https:\/\/smartglass-film.com\/ar\/%d8%b3%d9%8a%d8%a7%d8%b3%d8%a9-%d8%a7%d9%84%d8%ae%d8%b5%d9%88%d8%b5%d9%8a%d8%a9-3\/#breadcrumb\"},\"inLanguage\":\"fr-FR\",\"potentialAction\":[{\"@type\":\"ReadAction\",\"target\":[\"https:\/\/smartglass-film.com\/ar\/%d8%b3%d9%8a%d8%a7%d8%b3%d8%a9-%d8%a7%d9%84%d8%ae%d8%b5%d9%88%d8%b5%d9%8a%d8%a9-3\/\"]}]},{\"@type\":\"BreadcrumbList\",\"@id\":\"https:\/\/smartglass-film.com\/ar\/%d8%b3%d9%8a%d8%a7%d8%b3%d8%a9-%d8%a7%d9%84%d8%ae%d8%b5%d9%88%d8%b5%d9%8a%d8%a9-3\/#breadcrumb\",\"itemListElement\":[{\"@type\":\"ListItem\",\"position\":1,\"name\":\"\u9996\u9875\",\"item\":\"https:\/\/smartglass-film.com\/\"},{\"@type\":\"ListItem\",\"position\":2,\"name\":\"Pol\u00edtica de privacidad\"}]},{\"@type\":\"WebSite\",\"@id\":\"https:\/\/smartglass-film.com\/pt\/#website\",\"url\":\"https:\/\/smartglass-film.com\/pt\/\",\"name\":\"Smart Glass Film\",\"description\":\"B2B Smart Film\/Smart Glass Manufacturer\",\"publisher\":{\"@id\":\"https:\/\/smartglass-film.com\/pt\/#organization\"},\"potentialAction\":[{\"@type\":\"SearchAction\",\"target\":{\"@type\":\"EntryPoint\",\"urlTemplate\":\"https:\/\/smartglass-film.com\/pt\/?s={search_term_string}\"},\"query-input\":{\"@type\":\"PropertyValueSpecification\",\"valueRequired\":true,\"valueName\":\"search_term_string\"}}],\"inLanguage\":\"fr-FR\"},{\"@type\":\"Organization\",\"@id\":\"https:\/\/smartglass-film.com\/pt\/#organization\",\"name\":\"Smart Glass Film\",\"url\":\"https:\/\/smartglass-film.com\/pt\/\",\"logo\":{\"@type\":\"ImageObject\",\"inLanguage\":\"fr-FR\",\"@id\":\"https:\/\/smartglass-film.com\/pt\/#\/schema\/logo\/image\/\",\"url\":\"https:\/\/smartglass-film.com\/wp-content\/uploads\/2024\/11\/\u767d\u8272\u6216\u6d45\u8272\u80cc\u666fLOGO1-6.png\",\"contentUrl\":\"https:\/\/smartglass-film.com\/wp-content\/uploads\/2024\/11\/\u767d\u8272\u6216\u6d45\u8272\u80cc\u666fLOGO1-6.png\",\"width\":1178,\"height\":113,\"caption\":\"Smart Glass Film\"},\"image\":{\"@id\":\"https:\/\/smartglass-film.com\/pt\/#\/schema\/logo\/image\/\"},\"sameAs\":[\"https:\/\/www.facebook.com\/share\/1Am1Y36xhV\/?mibextid=LQQJ4d\",\"https:\/\/x.com\/smartglassfilm_\",\"https:\/\/www.instagram.com\/smartglassfilm_pdlc\/profilecard\/?igsh=bjlzdjNwazN0djIz\",\"https:\/\/youtube.com\/@smartglassfilm-pdlc?si=tjiMpDZJMPb-mjQG\",\"https:\/\/www.tiktok.com\/@smartglassfilm_sgf\"]}]}<\/script>\n<!-- \/ Yoast SEO Premium plugin. -->","yoast_head_json":{"title":"Pol\u00edtica de privacidad - Smart Glass Film","robots":{"index":"index","follow":"follow","max-snippet":"max-snippet:-1","max-image-preview":"max-image-preview:large","max-video-preview":"max-video-preview:-1"},"canonical":"https:\/\/smartglass-film.com\/fr\/politique-de-confidentialite-2\/","og_locale":"fr_FR","og_type":"article","og_title":"Pol\u00edtica de privacidad","og_description":"\u00daltima actualizaci\u00f3n: 09 de enero de 2024 \u8bf7\u6839\u636e\u81ea\u5df1\u7684\u9700\u8981\u4fee\u6539\u5185\u5bb9 Esta Pol\u00edtica de Privacidad describe Nuestras pol\u00edticas y procedimientos sobre la recogida, uso y divulgaci\u00f3n de Tu informaci\u00f3n cuando utilizas el Servicio y te informa sobre Tus derechos de privacidad y c\u00f3mo te protege la ley. Utilizamos Tus datos personales para proporcionar y mejorar el Servicio. Al [&hellip;]","og_url":"https:\/\/smartglass-film.com\/fr\/politique-de-confidentialite-2\/","og_site_name":"Smart Glass Film","article_publisher":"https:\/\/www.facebook.com\/share\/1Am1Y36xhV\/?mibextid=LQQJ4d","article_modified_time":"2024-11-23T11:36:30+00:00","twitter_card":"summary_large_image","twitter_site":"@smartglassfilm_","twitter_misc":{"Dur\u00e9e de lecture estim\u00e9e":"15 minutes"},"schema":{"@context":"https:\/\/schema.org","@graph":[{"@type":"WebPage","@id":"https:\/\/smartglass-film.com\/ar\/%d8%b3%d9%8a%d8%a7%d8%b3%d8%a9-%d8%a7%d9%84%d8%ae%d8%b5%d9%88%d8%b5%d9%8a%d8%a9-3\/","url":"https:\/\/smartglass-film.com\/ar\/%d8%b3%d9%8a%d8%a7%d8%b3%d8%a9-%d8%a7%d9%84%d8%ae%d8%b5%d9%88%d8%b5%d9%8a%d8%a9-3\/","name":"Pol\u00edtica de privacidad - Smart Glass Film","isPartOf":{"@id":"https:\/\/smartglass-film.com\/pt\/#website"},"datePublished":"2024-01-08T19:30:32+00:00","dateModified":"2024-11-23T11:36:30+00:00","breadcrumb":{"@id":"https:\/\/smartglass-film.com\/ar\/%d8%b3%d9%8a%d8%a7%d8%b3%d8%a9-%d8%a7%d9%84%d8%ae%d8%b5%d9%88%d8%b5%d9%8a%d8%a9-3\/#breadcrumb"},"inLanguage":"fr-FR","potentialAction":[{"@type":"ReadAction","target":["https:\/\/smartglass-film.com\/ar\/%d8%b3%d9%8a%d8%a7%d8%b3%d8%a9-%d8%a7%d9%84%d8%ae%d8%b5%d9%88%d8%b5%d9%8a%d8%a9-3\/"]}]},{"@type":"BreadcrumbList","@id":"https:\/\/smartglass-film.com\/ar\/%d8%b3%d9%8a%d8%a7%d8%b3%d8%a9-%d8%a7%d9%84%d8%ae%d8%b5%d9%88%d8%b5%d9%8a%d8%a9-3\/#breadcrumb","itemListElement":[{"@type":"ListItem","position":1,"name":"\u9996\u9875","item":"https:\/\/smartglass-film.com\/"},{"@type":"ListItem","position":2,"name":"Pol\u00edtica de privacidad"}]},{"@type":"WebSite","@id":"https:\/\/smartglass-film.com\/pt\/#website","url":"https:\/\/smartglass-film.com\/pt\/","name":"Smart Glass Film","description":"B2B Smart Film\/Smart Glass Manufacturer","publisher":{"@id":"https:\/\/smartglass-film.com\/pt\/#organization"},"potentialAction":[{"@type":"SearchAction","target":{"@type":"EntryPoint","urlTemplate":"https:\/\/smartglass-film.com\/pt\/?s={search_term_string}"},"query-input":{"@type":"PropertyValueSpecification","valueRequired":true,"valueName":"search_term_string"}}],"inLanguage":"fr-FR"},{"@type":"Organization","@id":"https:\/\/smartglass-film.com\/pt\/#organization","name":"Smart Glass Film","url":"https:\/\/smartglass-film.com\/pt\/","logo":{"@type":"ImageObject","inLanguage":"fr-FR","@id":"https:\/\/smartglass-film.com\/pt\/#\/schema\/logo\/image\/","url":"https:\/\/smartglass-film.com\/wp-content\/uploads\/2024\/11\/\u767d\u8272\u6216\u6d45\u8272\u80cc\u666fLOGO1-6.png","contentUrl":"https:\/\/smartglass-film.com\/wp-content\/uploads\/2024\/11\/\u767d\u8272\u6216\u6d45\u8272\u80cc\u666fLOGO1-6.png","width":1178,"height":113,"caption":"Smart Glass Film"},"image":{"@id":"https:\/\/smartglass-film.com\/pt\/#\/schema\/logo\/image\/"},"sameAs":["https:\/\/www.facebook.com\/share\/1Am1Y36xhV\/?mibextid=LQQJ4d","https:\/\/x.com\/smartglassfilm_","https:\/\/www.instagram.com\/smartglassfilm_pdlc\/profilecard\/?igsh=bjlzdjNwazN0djIz","https:\/\/youtube.com\/@smartglassfilm-pdlc?si=tjiMpDZJMPb-mjQG","https:\/\/www.tiktok.com\/@smartglassfilm_sgf"]}]}},"acf":[],"_links":{"self":[{"href":"https:\/\/smartglass-film.com\/fr\/wp-json\/wp\/v2\/pages\/9266","targetHints":{"allow":["GET"]}}],"collection":[{"href":"https:\/\/smartglass-film.com\/fr\/wp-json\/wp\/v2\/pages"}],"about":[{"href":"https:\/\/smartglass-film.com\/fr\/wp-json\/wp\/v2\/types\/page"}],"author":[{"embeddable":true,"href":"https:\/\/smartglass-film.com\/fr\/wp-json\/wp\/v2\/users\/1"}],"replies":[{"embeddable":true,"href":"https:\/\/smartglass-film.com\/fr\/wp-json\/wp\/v2\/comments?post=9266"}],"version-history":[{"count":0,"href":"https:\/\/smartglass-film.com\/fr\/wp-json\/wp\/v2\/pages\/9266\/revisions"}],"wp:attachment":[{"href":"https:\/\/smartglass-film.com\/fr\/wp-json\/wp\/v2\/media?parent=9266"}],"curies":[{"name":"wp","href":"https:\/\/api.w.org\/{rel}","templated":true}]}}