{"id":9266,"date":"2024-01-08T15:30:32","date_gmt":"2024-01-08T19:30:32","guid":{"rendered":"http:\/\/smartglass-film.com\/politica-de-privacidad\/"},"modified":"2024-11-23T07:36:30","modified_gmt":"2024-11-23T11:36:30","slug":"datenschutzpolitik","status":"publish","type":"page","link":"https:\/\/smartglass-film.com\/de\/datenschutzpolitik\/","title":{"rendered":"Datenschutzpolitik"},"content":{"rendered":"<p>\u00daltima actualizaci\u00f3n: 09 de enero de 2024<\/p>\n\n<p>\u8bf7\u6839\u636e\u81ea\u5df1\u7684\u9700\u8981\u4fee\u6539\u5185\u5bb9<\/p>\n\n<p>Esta Pol\u00edtica de Privacidad describe Nuestras pol\u00edticas y procedimientos sobre la recogida, uso y divulgaci\u00f3n de Tu informaci\u00f3n cuando utilizas el Servicio y te informa sobre Tus derechos de privacidad y c\u00f3mo te protege la ley.<\/p>\n\n<p>Utilizamos Tus datos personales para proporcionar y mejorar el Servicio. Al utilizar el Servicio, aceptas la recopilaci\u00f3n y el uso de la informaci\u00f3n de acuerdo con esta Pol\u00edtica de Privacidad.   <\/p>\n\n<h2 class=\"wp-block-heading\" id=\"interpretation-and-definitions\">Auslegung und Begriffsbestimmungen<\/h2>\n\n<h3 class=\"wp-block-heading\" id=\"interpretation\">Interpretaci\u00f3n<\/h3>\n\n<p>Las palabras cuya letra inicial va en may\u00fascula tienen significados definidos en las siguientes condiciones. Las siguientes definiciones tendr\u00e1n el mismo significado independientemente de que aparezcan en singular o en plural. <\/p>\n\n<h3 class=\"wp-block-heading\" id=\"definitions\">Definiciones<\/h3>\n\n<p>A efectos de la presente Pol\u00edtica de Privacidad:<\/p>\n\n<ul class=\"wp-block-list\">\n<li><strong>Cuenta<\/strong> significa una cuenta \u00fanica creada para que T\u00fa accedas a nuestro Servicio o a partes de nuestro Servicio.<\/li>\n\n\n\n<li><strong>Afiliada<\/strong> significa una entidad que controla, es controlada por o est\u00e1 bajo control com\u00fan con una parte, donde \"control\" significa la propiedad del 50% o m\u00e1s de las acciones, participaciones u otros valores con derecho a voto para la elecci\u00f3n de directores u otra autoridad de gesti\u00f3n.<\/li>\n\n\n\n<li><strong>Empresa<\/strong> (denominada \"la Empresa\", \"Nosotros\", \"Nos\" o \"Nuestro\" en el presente Acuerdo) se refiere a [My Company LLC], [Adresse des Unternehmens].<\/li>\n\n\n\n<li><strong>Las Kekse<\/strong> sind kleine Archive, die eine Website auf Ihrem Computer, Handy oder einem anderen Ger\u00e4t speichert und die unter anderem Daten \u00fcber Ihre Navigationshistorie auf dieser Website enthalten.<\/li>\n\n\n\n<li>El <strong>pa\u00eds<\/strong> se refiere a: China<\/li>\n\n\n\n<li><strong>Dispositiv<\/strong> significa cualquier dispositivo que pueda acceder al Servicio, como un ordenador, un tel\u00e9fono m\u00f3vil o una tableta digital.<\/li>\n\n\n\n<li>Los <strong>Pers\u00f6nliche Daten<\/strong> sind alle Informationen, die sich auf eine identifizierte oder identifizierbare nat\u00fcrliche Person beziehen.<\/li>\n\n\n\n<li><strong>Service<\/strong> se refiere al Sitio Web.<\/li>\n\n\n\n<li><strong>Proveedor de Servicios<\/strong> se refiere a cualquier persona f\u00edsica o jur\u00eddica que procese los datos en nombre de la Empresa. Se refiere a terceras empresas o personas contratadas por la Empresa para facilitar el Servicio, prestar el Servicio en nombre de la Empresa, realizar servicios relacionados con el Servicio o ayudar a la Empresa a analizar c\u00f3mo se utiliza el Servicio. <\/li>\n\n\n\n<li><strong>Service f\u00fcr soziale Netzwerke von Drittanbietern<\/strong> se refiere a cualquier sitio web o cualquier sitio web de redes sociales a trav\u00e9s del cual un Usuario puede iniciar sesi\u00f3n o crear una cuenta para utilizar el Servicio.<\/li>\n\n\n\n<li>Los <strong>Nutzungsdaten<\/strong> se referieren a los datos recogidos autom\u00e1ticamente, ya sean generados por el uso del Servicio o por la propia infraestructura del Servicio (por ejemplo, la duraci\u00f3n de la visita a una p\u00e1gina).<\/li>\n\n\n\n<li><strong>Internetauftritt<\/strong> verweist auf [Meine Website], erreichbar \u00fcber https:\/\/www.mywebsite.com<\/li>\n\n\n\n<li><strong>T\u00fa<\/strong> significa el individuo que accede o utiliza el Servicio, o la empresa, u otra entidad legal en nombre de la cual dicho individuo accede o utiliza el Servicio, seg\u00fan corresponda.<\/li>\n<\/ul>\n\n<h2 class=\"wp-block-heading\" id=\"collecting-and-using-your-personal-data\">Erfassung und Verwendung Ihrer pers\u00f6nlichen Daten<\/h2>\n\n<h3 class=\"wp-block-heading\" id=\"types-of-data-collected\">Erfasste Datentypen<\/h3>\n\n<h4 class=\"wp-block-heading\" id=\"personal-data\">Personenbezogene Daten<\/h4>\n\n<p>Al utilizar Nuestro Servicio, podemos pedirte que nos proporciones cierta informaci\u00f3n de identificaci\u00f3n personal que puede utilizarse para contactar contigo o identificarte. La informaci\u00f3n de identificaci\u00f3n personal puede incluir, pero no se limita a: <\/p>\n\n<ul class=\"wp-block-list\">\n<li>Direcci\u00f3n de correo electr\u00f3nico<\/li>\n\n\n\n<li>Name und Vorname<\/li>\n\n\n\n<li>Tel.-Nr.<\/li>\n\n\n\n<li>Direcci\u00f3n, Estado, Provincia, C\u00f3digo postal, Ciudad<\/li>\n\n\n\n<li>Daten zur Nutzung<\/li>\n<\/ul>\n\n<h4 class=\"wp-block-heading\" id=\"usage-data\">Daten zur Nutzung<\/h4>\n\n<p>Los Datos de Uso se recogen autom\u00e1ticamente al utilizar el Servicio.<\/p>\n\n<p>Zu den Nutzungsdaten k\u00f6nnen Informationen geh\u00f6ren wie die Adresse des Internetprotokolls Ihres Ger\u00e4ts (z. B. die IP-Adresse), der Typ des Browsers, die Version des Browsers, die Seiten unseres Dienstes, die Sie besuchen, die Uhrzeit und das Datum Ihres Besuchs, die Zeit, die Sie auf diesen Seiten verbringen, besondere Ger\u00e4tekennungen und andere Diagnosedaten.<\/p>\n\n<p>Wenn Sie \u00fcber ein mobiles Endger\u00e4t auf den Service zugreifen, k\u00f6nnen wir automatisch einige Informationen erfassen, darunter unter anderem die Art des verwendeten Endger\u00e4ts, den einzigen Identifikator Ihres mobilen Endger\u00e4ts, la direcci\u00f3n IP de tu dispositivo m\u00f3vil, tu sistema operativo m\u00f3vil, el tipo de navegador de internet m\u00f3vil que utilizas, identificadores \u00fanicos de dispositivo y otherros datos de diagn\u00f3stico.<\/p>\n\n<p>Tambi\u00e9n podemos recopilar informaci\u00f3n que env\u00ede Tu navegador cada vez que visites nuestro Servicio o cuando accedas al Servicio por o a trav\u00e9s de un dispositivo m\u00f3vil.<\/p>\n\n<h4 class=\"wp-block-heading\" id=\"information-from-third-party-social-media-services\">Information \u00fcber die Dienstleistungen der sozialen Medien von Terceros<\/h4>\n\n<p>La Empresa te permite crear una cuenta e iniciar sesi\u00f3n para utilizar el Servicio a trav\u00e9s de los siguientes Servicios de Medios Sociales de Terceros:<\/p>\n\n<ul class=\"wp-block-list\">\n<li>Google<\/li>\n\n\n\n<li>Facebook<\/li>\n\n\n\n<li>Instagram<\/li>\n\n\n\n<li>Twitter<\/li>\n\n\n\n<li>LinkedIn<\/li>\n<\/ul>\n\n<p>Wenn du dich entscheidest, dich \u00fcber einen Servicio de Medios Sociales de Terceros zu registrieren oder uns auf irgendeine andere Weise Zugang zu ihm zu gew\u00e4hren, k\u00f6nnen wir personenbezogene Daten abrufen, die mit deinem Account im Servicio de Medios Sociales de Terceros verkn\u00fcpft sind, wie deinen Namen, deine E-Mail-Adresse, deine Aktivit\u00e4ten oder deine Liste der mit diesem Account verkn\u00fcpften Kontakte.<\/p>\n\n<p>Dar\u00fcber hinaus haben Sie die M\u00f6glichkeit, zus\u00e4tzliche Informationen mit dem Unternehmen \u00fcber die Cuenta Ihres Servicio de Medios Sociales de Terceros zu teilen. Wenn Sie sich entscheiden, diese Informationen und pers\u00f6nlichen Daten w\u00e4hrend der Registrierung oder auf andere Weise zur Verf\u00fcgung zu stellen, erteilen Sie dem Unternehmen die Erlaubnis, sie in \u00dcbereinstimmung mit dieser Datenschutzrichtlinie zu verwenden, zu teilen und zu speichern. <\/p>\n\n<h4 class=\"wp-block-heading\" id=\"tracking-technologies-and-cookies\">Weiterverfolgungs-Technologien und Cookies<\/h4>\n\n<p>Wir verwenden Cookies und \u00e4hnliche Technologien, um die Aktivit\u00e4ten in unserem Service zu erfassen und die entsprechenden Informationen zu speichern. Las tecnolog\u00edas de rastreo utilizadas son balizas, etiquetas y scripts para recopilar y rastrear informaci\u00f3n y para mejorar y analizar Nuestro Servicio. Las tecnolog\u00edas que utilizamos pueden incluir:  <\/p>\n\n<ul class=\"wp-block-list\">\n<li><strong>Cookies oder Cookies des Navegators.<\/strong>  Ein Cookie ist ein kleines Archiv, das auf Ihrem Endger\u00e4t gespeichert wird. Sie k\u00f6nnen Ihren Browser so einstellen, dass er alle Cookies ablehnt oder anzeigt, wann er ein Cookie sendet. Sin embargo, si no aceptas las Cookies, es posible que no puedas utilizar algunas partes de nuestro Servicio. A menos que hayas ajustado la configuraci\u00f3n de Tu navegador para que rechace las Cookies, nuestro Servicio puede utilizar Cookies.   <\/li>\n\n\n\n<li><strong>Balizas Web.<\/strong>  Ciertas secciones de nuestro Servicio y nuestros correos electr\u00f3nicos pueden contener peque\u00f1os archivos electr\u00f3nicos conocidos como web beacons (tambi\u00e9n denominados clear gifs, pixel tags y single-pixel gifs) que permiten a la Empresa, por ejemplo, die Nutzer, die diese Seiten besucht haben, zu kontaktieren oder ein elektronisches Formular auszuf\u00fcllen, und f\u00fcr andere statistische Zwecke im Zusammenhang mit der Website (z. B. die Registrierung der Beliebtheit eines bestimmten Bereichs und die \u00dcberpr\u00fcfung der Integrit\u00e4t des Systems und des Servers).<\/li>\n<\/ul>\n\n<p>Die Cookies k\u00f6nnen \"persistent\" oder \"sesshaft\" sein. Persistente Cookies bleiben auf Ihrem pers\u00f6nlichen Computer oder mobilen Ger\u00e4t gespeichert, wenn Sie sich abmelden, w\u00e4hrend Sitzungs-Cookies gel\u00f6scht werden, sobald Sie das Internet verlassen.   <\/p>\n\n<p>Utilizamos tanto Cookies de Sesi\u00f3n como Persistentes para los fines que se indican a continuaci\u00f3n:<\/p>\n\n<ul class=\"wp-block-list\">\n<li><strong>Notwendige Cookies \/ wichtige CookiesTipo<\/strong>: Cookies de Sesi\u00f3nAdministradas por: NosotrosFinalidad: Estas Cookies son esenciales para proporcionionarte los servicios disponibles a trav\u00e9s del Sitio Web y para permitirte utilizar algunas de sus funciones. Sie dienen dazu, die Benutzer zu identifizieren und den Missbrauch von Benutzerkonten zu verhindern. Ohne diese Cookies k\u00f6nnen die von Ihnen angeforderten Dienstleistungen nicht erbracht werden, und wir verwenden diese Cookies nur, um diese Dienstleistungen zu erbringen.  <\/li>\n\n\n\n<li><strong>Cookie-Richtlinie \/ Erkl\u00e4rung zur Annahme von CookiesTipo<\/strong>: Cookies persistentesAdministradas por: NosotrosFinalidad: Estas Cookies identifican si los usuarios han aceptado el uso de cookies en el Sitio Web.<\/li>\n\n\n\n<li><strong>Funcionalidad CookiesTipo<\/strong>: Cookies persistentesAdministradas por: NosotrosFinalidad: Estas Cookies nos permiten recordar las elecciones que haces cuando utilizas el Sitio Web, como recordar tus datos de inicio de sesi\u00f3n o tu preferencia de idioma. Das Ziel dieser Cookies ist es, Ihnen eine pers\u00f6nlichere Erfahrung zu bieten und zu vermeiden, dass Sie bei jeder Nutzung der Website Ihre Pr\u00e4ferenzen neu eingeben m\u00fcssen. <\/li>\n<\/ul>\n\n<p>Para obtener m\u00e1s informaci\u00f3n sobre las cookies que utilizamos y tus opciones en relaci\u00f3n con las cookies, visita nuestra Pol\u00edtica de cookies o la secci\u00f3n Cookies de nuestra Pol\u00edtica de privacidad.<\/p>\n\n<h3 class=\"wp-block-heading\" id=\"use-of-your-personal-data\">Verwendung Ihrer pers\u00f6nlichen Daten<\/h3>\n\n<p>La Empresa puede utilizar los Datos Personales para los siguientes fines:<\/p>\n\n<ul class=\"wp-block-list\">\n<li><strong>Para proporcionar y mantener nuestro<\/strong> Servicio, incluido el control del uso de nuestro Servicio.<\/li>\n\n\n\n<li><strong>F\u00fcr die Verwaltung Ihres Kontos:<\/strong> para gestionar Tu registro como usuario del Servicio. Die von Ihnen angegebenen pers\u00f6nlichen Daten erm\u00f6glichen Ihnen den Zugang zu verschiedenen Funktionen des Dienstes, die f\u00fcr Sie als registrierten Benutzer verf\u00fcgbar sind. <\/li>\n\n\n\n<li><strong>Para la ejecuci\u00f3n de un contrato:<\/strong> el desarrollo, cumplimiento y realizaci\u00f3n del contrato de compra de los productos, art\u00edculos o servicios que hayas adquirido o de cualquier otro contrato con Nosotros a trav\u00e9s del Servicio.<\/li>\n\n\n\n<li><strong>Para ponerse en contacto contigo:<\/strong> Para ponerse en contacto contigo por correo electr\u00f3nico, llamadas telef\u00f3nicas, SMS u otras formas equivalentes de comunicaci\u00f3n electr\u00f3nica, wie z. B. Push-Benachrichtigungen einer mobilen Anwendung \u00fcber Aktualisierungen oder informative Mitteilungen im Zusammenhang mit den vertraglichen Funktionen, Produkten oder Dienstleistungen, einschlie\u00dflich der Sicherheitsaktualisierungen, wenn dies f\u00fcr die Umsetzung notwendig oder sinnvoll ist.<\/li>\n\n\n\n<li><strong>Para proporcionarte<\/strong> Nachrichten, Sonderangebote und allgemeine Informationen \u00fcber andere Waren, Dienstleistungen und Veranstaltungen, die wir anbieten und die denen \u00e4hnlich sind, die Sie gekauft oder nach denen Sie gefragt haben, sofern Sie sich daf\u00fcr entschieden haben, diese Informationen nicht zu erhalten.<\/li>\n\n\n\n<li><strong>Gestionar Tus solicitudes:<\/strong> Para atender y gestionar Tus solicitudes a Nosotros.<\/li>\n\n\n\n<li><strong>Para transferencias empresariales:<\/strong> Podemos utilizar Tu informaci\u00f3n para evaluar o llevar a cabo una fusi\u00f3n, desinversi\u00f3n, reestructuraci\u00f3n, reorganizaci\u00f3n, disoluci\u00f3n u otra venta o transferencia de algunos o todos Nuestros activos, ya sea como empresa en funcionamiento o como parte de un procedimiento de quiebra, liquidaci\u00f3n o similar, en el que los Datos Personales que tenemos sobre los usuarios de nuestro Servicio se encuentren entre los activos transferidos.<\/li>\n\n\n\n<li><strong>Para otros fines<\/strong>: Wir k\u00f6nnen Ihre Informationen f\u00fcr andere Zwecke nutzen, z. B. f\u00fcr die Analyse von Daten, die Ermittlung von Nutzungstendenzen, die Bestimmung der Effizienz unserer Werbekampagnen und zur Bewertung und Verbesserung unseres Service, unserer Produkte, Dienstleistungen und unseres Marketings.<\/li>\n<\/ul>\n\n<p>Podemos compartir Tu informaci\u00f3n personal en las siguientes situaciones:<\/p>\n\n<ul class=\"wp-block-list\">\n<li><strong>Con Proveedores de Servicios:<\/strong> Podemos compartir Tu informaci\u00f3n personal con Proveedores de Servicios para controlar y analizar el uso de nuestro Servicio, para ponernos en contacto contigo.<\/li>\n\n\n\n<li><strong>Para transferencias empresariales:<\/strong> Podemos compartir o transferir Tu informaci\u00f3n personal en relaci\u00f3n con, o durante las negociaciones de, cualquier fusi\u00f3n, venta de activos de la Empresa, financiaci\u00f3n o adquisici\u00f3n de todo o parte de Nuestro negocio a otra empresa.<\/li>\n\n\n\n<li><strong>Con afiliados:<\/strong> Podemos compartir Tu informaci\u00f3n con Nuestras filiales, en cuyo caso exigiremos a dichas filiales que respeten esta Pol\u00edtica de Privacidad. Las filiales incluyen Nuestra empresa matriz y cualesquiera otras filiales, socios de empresas conjuntas u otras empresas que Nosotros controlemos o que est\u00e9n bajo control com\u00fan con Nosotros. <\/li>\n\n\n\n<li><strong>Con socios comerciales:<\/strong> Podemos compartir Tu informaci\u00f3n con Nuestros socios comerciales para ofrecerte determinados productos, servicios o promociones.<\/li>\n\n\n\n<li><strong>Con otros usuarios:<\/strong> Wenn Sie pers\u00f6nliche Informationen weitergeben oder auf andere Weise in \u00f6ffentlichen Bereichen mit anderen Nutzern interagieren, k\u00f6nnen diese Informationen von allen Nutzern eingesehen und \u00f6ffentlich verbreitet werden. Wenn Sie mit anderen Nutzern interagieren oder sich \u00fcber einen sozialen Mediendienst von Terceros registrieren, k\u00f6nnen Ihre Kontaktpersonen im sozialen Mediendienst von Terceros Ihren Namen, Ihr Profil, Ihre Fotos und Ihre T\u00e4tigkeitsbeschreibung sehen. Genauso k\u00f6nnen andere Nutzer Beschreibungen Ihrer Aktivit\u00e4ten einsehen, mit Ihnen kommunizieren und Ihr Profil einsehen.  <\/li>\n\n\n\n<li><strong>Mit deiner Zustimmung<\/strong>: Wir k\u00f6nnen Ihre pers\u00f6nlichen Daten mit Ihrem Einverst\u00e4ndnis f\u00fcr irgendeinen anderen Zweck offenlegen.<\/li>\n<\/ul>\n\n<h3 class=\"wp-block-heading\" id=\"retention-of-your-personal-data\">Schutz Ihrer pers\u00f6nlichen Daten<\/h3>\n\n<p>Das Unternehmen bewahrt Ihre pers\u00f6nlichen Daten nur so lange auf, wie es f\u00fcr die in dieser Datenschutzrichtlinie festgelegten Zwecke erforderlich ist. Wir bewahren und verwenden Ihre personenbezogenen Daten nur so lange, wie es f\u00fcr die Erf\u00fcllung unserer rechtlichen Verpflichtungen (z. B. wenn wir zur Aufbewahrung Ihrer Daten zur Einhaltung der geltenden Gesetze verpflichtet sind), zur Beilegung von Streitigkeiten und zur Erf\u00fcllung unserer rechtlichen und polizeilichen Vereinbarungen erforderlich ist. <\/p>\n\n<p>La Empresa tambi\u00e9n conservar\u00e1 los Datos de Uso con fines de an\u00e1lisis interno. Im Allgemeinen werden die Nutzungsdaten f\u00fcr einen k\u00fcrzeren Zeitraum aufbewahrt, es sei denn, diese Daten werden zur Verbesserung der Sicherheit oder der Funktionsweise unseres Dienstes verwendet oder wir sind gesetzlich verpflichtet, diese Daten f\u00fcr einen l\u00e4ngeren Zeitraum aufzubewahren. <\/p>\n\n<h3 class=\"wp-block-heading\" id=\"transfer-of-your-personal-data\">\u00dcbertragung Ihrer pers\u00f6nlichen Daten<\/h3>\n\n<p>Ihre Informationen, einschlie\u00dflich personenbezogener Daten, werden in den Gesch\u00e4ftsr\u00e4umen des Unternehmens und an jedem anderen Ort, an dem sich die an der Verarbeitung beteiligten Parteien befinden, verarbeitet. Dies bedeutet, dass diese Informationen an einen -und einen anderen- Administrator au\u00dferhalb Ihres Staates, Ihrer Provinz, Ihres Landes oder einer anderen staatlichen Gerichtsbarkeit, in der die Datenschutzgesetze von denen Ihrer Gerichtsbarkeit abweichen k\u00f6nnen, \u00fcbertragen und dort gespeichert werden k\u00f6nnen. <\/p>\n\n<p>Ihr Einverst\u00e4ndnis mit dieser Datenschutzrichtlinie nach der \u00dcbermittlung dieser Informationen stellt Ihr Einverst\u00e4ndnis mit dieser \u00dcbermittlung dar.<\/p>\n\n<p>La Empresa tomar\u00e1 todas las medidas razonablemente necesarias para garantizar que tus datos sean tratados de forma segura y de acuerdo con esta Pol\u00edtica de Privacidad, y no se realizar\u00e1 ninguna transferencia de tus Datos Personales a una organizaci\u00f3n o pa\u00eds a menos que existan controles adecuados que incluyan la seguridad de tus datos y otra informaci\u00f3n personal.<\/p>\n\n<h3 class=\"wp-block-heading\" id=\"delete-your-personal-data\">Pers\u00f6nliche Daten l\u00f6schen<\/h3>\n\n<p>Tienes derecho a eliminar o solicitar que te ayudemos a eliminar los Datos Personales que hayamos recopilado sobre Ti.<\/p>\n\n<p>Nuestro Servicio puede ofrecerte la posibilidad de eliminar cierta informaci\u00f3n sobre Ti dentro del Servicio.<\/p>\n\n<p>Sie k\u00f6nnen Ihre Daten jederzeit aktualisieren, \u00e4ndern oder l\u00f6schen, indem Sie auf Ihr Konto zugreifen, wenn Sie eines haben, und den Konfigurationsbereich des Kontos besuchen, in dem Sie Ihre pers\u00f6nlichen Daten verwalten k\u00f6nnen. Sie k\u00f6nnen sich auch mit uns in Verbindung setzen, um den Zugang zu Ihren pers\u00f6nlichen Daten zu beantragen, sie zu korrigieren oder zu l\u00f6schen, die Sie uns zur Verf\u00fcgung gestellt haben. <\/p>\n\n<p>Sin embargo, ten en cuenta que podemos necesitar conservar cierta informaci\u00f3n cuando tengamos una obligaci\u00f3n legal o una base jur\u00eddica para hacerlo.<\/p>\n\n<h3 class=\"wp-block-heading\" id=\"disclosure-of-your-personal-data\">Weitergabe personenbezogener Daten<\/h3>\n\n<h4 class=\"wp-block-heading\" id=\"business-transactions\">Operaciones comerciales<\/h4>\n\n<p>Wenn das Unternehmen an einer Fusion, einem Erwerb oder einer Ver\u00e4u\u00dferung von Unternehmensteilen teilnimmt, k\u00f6nnen Ihre pers\u00f6nlichen Daten \u00fcbertragen werden. Te avisaremos antes de que Tus Datos Personales sean transferidos y pasen a estar sujetos a una Pol\u00edtica de Privacidad diferente. <\/p>\n\n<h4 class=\"wp-block-heading\" id=\"law-enforcement\">Anwendung des Gesetzes<\/h4>\n\n<p>Unter bestimmten Umst\u00e4nden kann das Unternehmen verpflichtet sein, personenbezogene Daten offenzulegen, wenn das Gesetz dies verlangt oder wenn eine \u00f6ffentliche Beh\u00f6rde (z.B. ein Gericht oder eine Regierungsbeh\u00f6rde) dies verlangt.<\/p>\n\n<h4 class=\"wp-block-heading\" id=\"other-legal-requirements\">Andere rechtliche Voraussetzungen<\/h4>\n\n<p>La Empresa puede revelar Tus Datos Personales en la creencia de buena fe de que dicha acci\u00f3n es necesaria para:<\/p>\n\n<ul class=\"wp-block-list\">\n<li>Cumplir una obligaci\u00f3n legal<\/li>\n\n\n\n<li>Proteger y defender los derechos o la propiedad de la Empresa<\/li>\n\n\n\n<li>Vorbeugung oder Untersuchung m\u00f6glicher Unregelm\u00e4\u00dfigkeiten im Zusammenhang mit dem Dienst<\/li>\n\n\n\n<li>Proteger la seguridad personal de los Usuarios del Servicio o del p\u00fablico<\/li>\n\n\n\n<li>Schutz vor rechtlicher Verantwortlichkeit<\/li>\n<\/ul>\n\n<h3 class=\"wp-block-heading\" id=\"security-of-your-personal-data\">Sicherheit Ihrer pers\u00f6nlichen Daten<\/h3>\n\n<p>La seguridad de Tus Datos Personales es importante para Nosotros, pero recuerda que ning\u00fan m\u00e9todo de transmisi\u00f3n a trav\u00e9s de Internet, o m\u00e9todo de almacenamiento electr\u00f3nico es 100% seguro. Obwohl wir uns bem\u00fchen, kommerziell annehmbare Mittel zum Schutz Ihrer pers\u00f6nlichen Daten zu verwenden, k\u00f6nnen wir Ihnen keine absolute Sicherheit garantieren. <\/p>\n\n<h2 class=\"wp-block-heading\" id=\"children-s-privacy\">Privatsph\u00e4re im Kindesalter<\/h2>\n\n<p>Nuestro Servicio no se dirige a menores de 13 a\u00f1os. Wir speichern bewusst keine pers\u00f6nlichen Informationen, die von einer Person unter 13 Jahren identifiziert werden k\u00f6nnen. Si eres padre o tutor y tienes conocimiento de que tu hijo nos ha proporcionado Datos Personales, ponte en contacto con Nosotros. Wenn wir Kenntnis davon haben, dass wir personenbezogene Daten einer Person unter 13 Jahren ohne \u00dcberpr\u00fcfung der Zustimmung des Vaters aufgenommen haben, werden wir Ma\u00dfnahmen ergreifen, um diese Informationen aus unseren Diensten zu entfernen.   <\/p>\n\n<p>Wenn wir uns auf die Einwilligung als Rechtsgrundlage f\u00fcr die Verarbeitung Ihrer Daten st\u00fctzen m\u00fcssen und Ihr Land die Einwilligung eines Ihrer Elternteile verlangt, k\u00f6nnen wir die Einwilligung Ihrer Eltern einholen, bevor wir Ihre Daten erfassen und verwenden.<\/p>\n\n<h2 class=\"wp-block-heading\" id=\"links-to-other-websites\">Links zu anderen Web-Seiten<\/h2>\n\n<p>Nuestro Servicio puede contener enlaces a otros sitios web que no son operados por Nosotros. Si haces clic en un enlace de terceros, ser\u00e1s dirigido al sitio de ese tercero. Te recomendamos encarecidamente que revises la Pol\u00edtica de Privacidad de cada sitio que visites.  <\/p>\n\n<p>Wir haben keine Kontrolle und \u00fcbernehmen keine Verantwortung f\u00fcr den Inhalt, die Datenschutzrichtlinien oder die Praktiken von Websites oder Diensten Dritter.<\/p>\n\n<h2 class=\"wp-block-heading\" id=\"changes-to-this-privacy-policy\">\u00c4nderungen in dieser Datenschutzpolitik<\/h2>\n\n<p>Wir k\u00f6nnen unsere Datenschutzrichtlinie jederzeit aktualisieren. Wir informieren Sie \u00fcber jede \u00c4nderung, indem wir die neue Datenschutzrichtlinie auf dieser Seite ver\u00f6ffentlichen. <\/p>\n\n<p>Te lo haremos saber por correo electr\u00f3nico y\/o mediante un aviso destacado en Nuestro Servicio, antes de que el cambio entre en vigor, y actualizaremos la fecha de \"\u00daltima actualizaci\u00f3n\" en la parte superior de esta Pol\u00edtica de Privacidad.<\/p>\n\n<p>Wir empfehlen Ihnen, diese Datenschutzrichtlinie regelm\u00e4\u00dfig zu \u00fcberpr\u00fcfen, um festzustellen, ob sich etwas ge\u00e4ndert hat. \u00c4nderungen in dieser Datenschutzrichtlinie treten in Kraft, sobald sie auf dieser Seite ver\u00f6ffentlicht werden. <\/p>\n\n<h2 class=\"wp-block-heading\" id=\"contact-us\">Kontaktaufnahme mit uns<\/h2>\n\n<p>Si tienes alguna pregunta sobre esta Pol\u00edtica de Privacidad, puedes ponerte en contacto con nosotros:<\/p>\n\n<ul class=\"wp-block-list\">\n<li>Por correo electr\u00f3nico: [office@mycompany .com]<\/li>\n\n\n\n<li>Visitando esta p\u00e1gina de nuestro sitio web: http:\/\/www.mycompany.com\/contact-us<\/li>\n\n\n\n<li>Por tel\u00e9fono: 19988889999<\/li>\n\n\n\n<li>Por correo:  [Ihre Adresse]<\/li>\n<\/ul>","protected":false},"excerpt":{"rendered":"<p>\u00daltima actualizaci\u00f3n: 09 de enero de 2024 \u8bf7\u6839\u636e\u81ea\u5df1\u7684\u9700\u8981\u4fee\u6539\u5185\u5bb9 Esta Pol\u00edtica de Privacidad describe Nuestras pol\u00edticas y procedimientos sobre la recogida, uso y divulgaci\u00f3n de Tu informaci\u00f3n cuando utilizas el Servicio y te informa sobre Tus derechos de privacidad y c\u00f3mo te protege la ley. Utilizamos Tus datos personales para proporcionar y mejorar el Servicio. Al [&hellip;]<\/p>","protected":false},"author":1,"featured_media":0,"parent":0,"menu_order":0,"comment_status":"closed","ping_status":"closed","template":"","meta":{"_acf_changed":false,"_gspb_post_css":"","footnotes":""},"class_list":["post-9266","page","type-page","status-publish","hentry"],"blocksy_meta":{"page_structure_type":"type-3","styles_descriptor":{"styles":{"desktop":"","tablet":"","mobile":""},"google_fonts":[],"version":6}},"yoast_head":"<!-- This site is optimized with the Yoast SEO Premium plugin v23.8 (Yoast SEO v25.0) - https:\/\/yoast.com\/wordpress\/plugins\/seo\/ -->\n<title>Pol\u00edtica de privacidad - Smart Glass Film<\/title>\n<meta name=\"robots\" content=\"index, follow, max-snippet:-1, max-image-preview:large, max-video-preview:-1\" \/>\n<link rel=\"canonical\" href=\"https:\/\/smartglass-film.com\/de\/datenschutzpolitik\/\" \/>\n<meta property=\"og:locale\" content=\"de_DE\" \/>\n<meta property=\"og:type\" content=\"article\" \/>\n<meta property=\"og:title\" content=\"Pol\u00edtica de privacidad\" \/>\n<meta property=\"og:description\" content=\"\u00daltima actualizaci\u00f3n: 09 de enero de 2024 \u8bf7\u6839\u636e\u81ea\u5df1\u7684\u9700\u8981\u4fee\u6539\u5185\u5bb9 Esta Pol\u00edtica de Privacidad describe Nuestras pol\u00edticas y procedimientos sobre la recogida, uso y divulgaci\u00f3n de Tu informaci\u00f3n cuando utilizas el Servicio y te informa sobre Tus derechos de privacidad y c\u00f3mo te protege la ley. Utilizamos Tus datos personales para proporcionar y mejorar el Servicio. Al [&hellip;]\" \/>\n<meta property=\"og:url\" content=\"https:\/\/smartglass-film.com\/de\/datenschutzpolitik\/\" \/>\n<meta property=\"og:site_name\" content=\"Smart Glass Film\" \/>\n<meta property=\"article:publisher\" content=\"https:\/\/www.facebook.com\/share\/1Am1Y36xhV\/?mibextid=LQQJ4d\" \/>\n<meta property=\"article:modified_time\" content=\"2024-11-23T11:36:30+00:00\" \/>\n<meta name=\"twitter:card\" content=\"summary_large_image\" \/>\n<meta name=\"twitter:site\" content=\"@smartglassfilm_\" \/>\n<meta name=\"twitter:label1\" content=\"Gesch\u00e4tzte Lesezeit\" \/>\n\t<meta name=\"twitter:data1\" content=\"15\u00a0Minuten\" \/>\n<script type=\"application\/ld+json\" class=\"yoast-schema-graph\">{\"@context\":\"https:\/\/schema.org\",\"@graph\":[{\"@type\":\"WebPage\",\"@id\":\"https:\/\/smartglass-film.com\/ar\/%d8%b3%d9%8a%d8%a7%d8%b3%d8%a9-%d8%a7%d9%84%d8%ae%d8%b5%d9%88%d8%b5%d9%8a%d8%a9-3\/\",\"url\":\"https:\/\/smartglass-film.com\/ar\/%d8%b3%d9%8a%d8%a7%d8%b3%d8%a9-%d8%a7%d9%84%d8%ae%d8%b5%d9%88%d8%b5%d9%8a%d8%a9-3\/\",\"name\":\"Pol\u00edtica de privacidad - Smart Glass Film\",\"isPartOf\":{\"@id\":\"https:\/\/smartglass-film.com\/pt\/#website\"},\"datePublished\":\"2024-01-08T19:30:32+00:00\",\"dateModified\":\"2024-11-23T11:36:30+00:00\",\"breadcrumb\":{\"@id\":\"https:\/\/smartglass-film.com\/ar\/%d8%b3%d9%8a%d8%a7%d8%b3%d8%a9-%d8%a7%d9%84%d8%ae%d8%b5%d9%88%d8%b5%d9%8a%d8%a9-3\/#breadcrumb\"},\"inLanguage\":\"de\",\"potentialAction\":[{\"@type\":\"ReadAction\",\"target\":[\"https:\/\/smartglass-film.com\/ar\/%d8%b3%d9%8a%d8%a7%d8%b3%d8%a9-%d8%a7%d9%84%d8%ae%d8%b5%d9%88%d8%b5%d9%8a%d8%a9-3\/\"]}]},{\"@type\":\"BreadcrumbList\",\"@id\":\"https:\/\/smartglass-film.com\/ar\/%d8%b3%d9%8a%d8%a7%d8%b3%d8%a9-%d8%a7%d9%84%d8%ae%d8%b5%d9%88%d8%b5%d9%8a%d8%a9-3\/#breadcrumb\",\"itemListElement\":[{\"@type\":\"ListItem\",\"position\":1,\"name\":\"\u9996\u9875\",\"item\":\"https:\/\/smartglass-film.com\/\"},{\"@type\":\"ListItem\",\"position\":2,\"name\":\"Pol\u00edtica de privacidad\"}]},{\"@type\":\"WebSite\",\"@id\":\"https:\/\/smartglass-film.com\/pt\/#website\",\"url\":\"https:\/\/smartglass-film.com\/pt\/\",\"name\":\"Smart Glass Film\",\"description\":\"B2B Smart Film\/Smart Glass Manufacturer\",\"publisher\":{\"@id\":\"https:\/\/smartglass-film.com\/pt\/#organization\"},\"potentialAction\":[{\"@type\":\"SearchAction\",\"target\":{\"@type\":\"EntryPoint\",\"urlTemplate\":\"https:\/\/smartglass-film.com\/pt\/?s={search_term_string}\"},\"query-input\":{\"@type\":\"PropertyValueSpecification\",\"valueRequired\":true,\"valueName\":\"search_term_string\"}}],\"inLanguage\":\"de\"},{\"@type\":\"Organization\",\"@id\":\"https:\/\/smartglass-film.com\/pt\/#organization\",\"name\":\"Smart Glass Film\",\"url\":\"https:\/\/smartglass-film.com\/pt\/\",\"logo\":{\"@type\":\"ImageObject\",\"inLanguage\":\"de\",\"@id\":\"https:\/\/smartglass-film.com\/pt\/#\/schema\/logo\/image\/\",\"url\":\"https:\/\/smartglass-film.com\/wp-content\/uploads\/2024\/11\/\u767d\u8272\u6216\u6d45\u8272\u80cc\u666fLOGO1-6.png\",\"contentUrl\":\"https:\/\/smartglass-film.com\/wp-content\/uploads\/2024\/11\/\u767d\u8272\u6216\u6d45\u8272\u80cc\u666fLOGO1-6.png\",\"width\":1178,\"height\":113,\"caption\":\"Smart Glass Film\"},\"image\":{\"@id\":\"https:\/\/smartglass-film.com\/pt\/#\/schema\/logo\/image\/\"},\"sameAs\":[\"https:\/\/www.facebook.com\/share\/1Am1Y36xhV\/?mibextid=LQQJ4d\",\"https:\/\/x.com\/smartglassfilm_\",\"https:\/\/www.instagram.com\/smartglassfilm_pdlc\/profilecard\/?igsh=bjlzdjNwazN0djIz\",\"https:\/\/youtube.com\/@smartglassfilm-pdlc?si=tjiMpDZJMPb-mjQG\",\"https:\/\/www.tiktok.com\/@smartglassfilm_sgf\"]}]}<\/script>\n<!-- \/ Yoast SEO Premium plugin. -->","yoast_head_json":{"title":"Pol\u00edtica de privacidad - Smart Glass Film","robots":{"index":"index","follow":"follow","max-snippet":"max-snippet:-1","max-image-preview":"max-image-preview:large","max-video-preview":"max-video-preview:-1"},"canonical":"https:\/\/smartglass-film.com\/de\/datenschutzpolitik\/","og_locale":"de_DE","og_type":"article","og_title":"Pol\u00edtica de privacidad","og_description":"\u00daltima actualizaci\u00f3n: 09 de enero de 2024 \u8bf7\u6839\u636e\u81ea\u5df1\u7684\u9700\u8981\u4fee\u6539\u5185\u5bb9 Esta Pol\u00edtica de Privacidad describe Nuestras pol\u00edticas y procedimientos sobre la recogida, uso y divulgaci\u00f3n de Tu informaci\u00f3n cuando utilizas el Servicio y te informa sobre Tus derechos de privacidad y c\u00f3mo te protege la ley. Utilizamos Tus datos personales para proporcionar y mejorar el Servicio. Al [&hellip;]","og_url":"https:\/\/smartglass-film.com\/de\/datenschutzpolitik\/","og_site_name":"Smart Glass Film","article_publisher":"https:\/\/www.facebook.com\/share\/1Am1Y36xhV\/?mibextid=LQQJ4d","article_modified_time":"2024-11-23T11:36:30+00:00","twitter_card":"summary_large_image","twitter_site":"@smartglassfilm_","twitter_misc":{"Gesch\u00e4tzte Lesezeit":"15\u00a0Minuten"},"schema":{"@context":"https:\/\/schema.org","@graph":[{"@type":"WebPage","@id":"https:\/\/smartglass-film.com\/ar\/%d8%b3%d9%8a%d8%a7%d8%b3%d8%a9-%d8%a7%d9%84%d8%ae%d8%b5%d9%88%d8%b5%d9%8a%d8%a9-3\/","url":"https:\/\/smartglass-film.com\/ar\/%d8%b3%d9%8a%d8%a7%d8%b3%d8%a9-%d8%a7%d9%84%d8%ae%d8%b5%d9%88%d8%b5%d9%8a%d8%a9-3\/","name":"Pol\u00edtica de privacidad - Smart Glass Film","isPartOf":{"@id":"https:\/\/smartglass-film.com\/pt\/#website"},"datePublished":"2024-01-08T19:30:32+00:00","dateModified":"2024-11-23T11:36:30+00:00","breadcrumb":{"@id":"https:\/\/smartglass-film.com\/ar\/%d8%b3%d9%8a%d8%a7%d8%b3%d8%a9-%d8%a7%d9%84%d8%ae%d8%b5%d9%88%d8%b5%d9%8a%d8%a9-3\/#breadcrumb"},"inLanguage":"de","potentialAction":[{"@type":"ReadAction","target":["https:\/\/smartglass-film.com\/ar\/%d8%b3%d9%8a%d8%a7%d8%b3%d8%a9-%d8%a7%d9%84%d8%ae%d8%b5%d9%88%d8%b5%d9%8a%d8%a9-3\/"]}]},{"@type":"BreadcrumbList","@id":"https:\/\/smartglass-film.com\/ar\/%d8%b3%d9%8a%d8%a7%d8%b3%d8%a9-%d8%a7%d9%84%d8%ae%d8%b5%d9%88%d8%b5%d9%8a%d8%a9-3\/#breadcrumb","itemListElement":[{"@type":"ListItem","position":1,"name":"\u9996\u9875","item":"https:\/\/smartglass-film.com\/"},{"@type":"ListItem","position":2,"name":"Pol\u00edtica de privacidad"}]},{"@type":"WebSite","@id":"https:\/\/smartglass-film.com\/pt\/#website","url":"https:\/\/smartglass-film.com\/pt\/","name":"Smart Glass Film","description":"B2B Smart Film\/Smart Glass Manufacturer","publisher":{"@id":"https:\/\/smartglass-film.com\/pt\/#organization"},"potentialAction":[{"@type":"SearchAction","target":{"@type":"EntryPoint","urlTemplate":"https:\/\/smartglass-film.com\/pt\/?s={search_term_string}"},"query-input":{"@type":"PropertyValueSpecification","valueRequired":true,"valueName":"search_term_string"}}],"inLanguage":"de"},{"@type":"Organization","@id":"https:\/\/smartglass-film.com\/pt\/#organization","name":"Smart Glass Film","url":"https:\/\/smartglass-film.com\/pt\/","logo":{"@type":"ImageObject","inLanguage":"de","@id":"https:\/\/smartglass-film.com\/pt\/#\/schema\/logo\/image\/","url":"https:\/\/smartglass-film.com\/wp-content\/uploads\/2024\/11\/\u767d\u8272\u6216\u6d45\u8272\u80cc\u666fLOGO1-6.png","contentUrl":"https:\/\/smartglass-film.com\/wp-content\/uploads\/2024\/11\/\u767d\u8272\u6216\u6d45\u8272\u80cc\u666fLOGO1-6.png","width":1178,"height":113,"caption":"Smart Glass Film"},"image":{"@id":"https:\/\/smartglass-film.com\/pt\/#\/schema\/logo\/image\/"},"sameAs":["https:\/\/www.facebook.com\/share\/1Am1Y36xhV\/?mibextid=LQQJ4d","https:\/\/x.com\/smartglassfilm_","https:\/\/www.instagram.com\/smartglassfilm_pdlc\/profilecard\/?igsh=bjlzdjNwazN0djIz","https:\/\/youtube.com\/@smartglassfilm-pdlc?si=tjiMpDZJMPb-mjQG","https:\/\/www.tiktok.com\/@smartglassfilm_sgf"]}]}},"acf":[],"_links":{"self":[{"href":"https:\/\/smartglass-film.com\/de\/wp-json\/wp\/v2\/pages\/9266","targetHints":{"allow":["GET"]}}],"collection":[{"href":"https:\/\/smartglass-film.com\/de\/wp-json\/wp\/v2\/pages"}],"about":[{"href":"https:\/\/smartglass-film.com\/de\/wp-json\/wp\/v2\/types\/page"}],"author":[{"embeddable":true,"href":"https:\/\/smartglass-film.com\/de\/wp-json\/wp\/v2\/users\/1"}],"replies":[{"embeddable":true,"href":"https:\/\/smartglass-film.com\/de\/wp-json\/wp\/v2\/comments?post=9266"}],"version-history":[{"count":0,"href":"https:\/\/smartglass-film.com\/de\/wp-json\/wp\/v2\/pages\/9266\/revisions"}],"wp:attachment":[{"href":"https:\/\/smartglass-film.com\/de\/wp-json\/wp\/v2\/media?parent=9266"}],"curies":[{"name":"wp","href":"https:\/\/api.w.org\/{rel}","templated":true}]}}